{"id":22,"date":"2024-03-17T11:01:18","date_gmt":"2024-03-17T10:01:18","guid":{"rendered":"https:\/\/2cvcharlieu.fr\/?page_id=22"},"modified":"2026-04-28T23:23:15","modified_gmt":"2026-04-28T21:23:15","slug":"calendrier","status":"publish","type":"page","link":"https:\/\/2cvcharlieu.fr\/index.php\/calendrier\/","title":{"rendered":"Calendrier"},"content":{"rendered":"<div class=\"wp-block-image\">\n<figure class=\"alignleft size-full is-resized\"><img loading=\"lazy\" decoding=\"async\" width=\"180\" height=\"185\" src=\"https:\/\/2cvcharlieu.fr\/wp-content\/uploads\/2026\/02\/2cv-club-Rouge2026-27.jpg\" alt=\"\" class=\"wp-image-4095\" style=\"aspect-ratio:0.9730235459223452;width:138px;height:auto\"\/><\/figure>\n<\/div>\n\n<div class=\"wp-block-image\">\n<figure class=\"alignright size-full is-resized\"><img loading=\"lazy\" decoding=\"async\" width=\"180\" height=\"185\" src=\"https:\/\/2cvcharlieu.fr\/wp-content\/uploads\/2026\/02\/2cv-club-Rouge2026-27-1.jpg\" alt=\"\" class=\"wp-image-4096\" style=\"aspect-ratio:0.9730647526433588;width:139px;height:auto\"\/><\/figure>\n<\/div>\n\n<div class=\"wp-block-image\">\n<figure class=\"aligncenter size-full is-resized\"><img loading=\"lazy\" decoding=\"async\" width=\"534\" height=\"741\" src=\"https:\/\/2cvcharlieu.fr\/wp-content\/uploads\/2026\/01\/2cv-Club-Charlieu.jpg\" alt=\"\" class=\"wp-image-4033\" style=\"aspect-ratio:0.720680141883903;width:94px;height:auto\" srcset=\"https:\/\/2cvcharlieu.fr\/wp-content\/uploads\/2026\/01\/2cv-Club-Charlieu.jpg 534w, https:\/\/2cvcharlieu.fr\/wp-content\/uploads\/2026\/01\/2cv-Club-Charlieu-216x300.jpg 216w\" sizes=\"auto, (max-width: 534px) 100vw, 534px\" \/><\/figure>\n<\/div>\n\n\n<p class=\"has-text-align-center\"><strong>Prochaine r\u00e9union mercredi 29 avril 2026 \u00e0 18h30<\/strong><\/p>\n\n\n\n<p class=\"has-text-align-center\"><strong>\u00e0 Pouilly\/Charlieu 42720<\/strong><\/p>\n\n\n<div class=\"wp-block-image\">\n<figure class=\"alignright size-large is-resized\"><img loading=\"lazy\" decoding=\"async\" width=\"1004\" height=\"1024\" src=\"https:\/\/2cvcharlieu.fr\/wp-content\/uploads\/2026\/02\/IMG_8923-1004x1024.jpg\" alt=\"\" class=\"wp-image-4101\" style=\"aspect-ratio:0.9804857221789688;width:153px;height:auto\" srcset=\"https:\/\/2cvcharlieu.fr\/wp-content\/uploads\/2026\/02\/IMG_8923-1004x1024.jpg 1004w, https:\/\/2cvcharlieu.fr\/wp-content\/uploads\/2026\/02\/IMG_8923-294x300.jpg 294w, https:\/\/2cvcharlieu.fr\/wp-content\/uploads\/2026\/02\/IMG_8923-768x783.jpg 768w, https:\/\/2cvcharlieu.fr\/wp-content\/uploads\/2026\/02\/IMG_8923.jpg 1145w\" sizes=\"auto, (max-width: 1004px) 100vw, 1004px\" \/><\/figure>\n<\/div>\n\n<div class=\"wp-block-image\">\n<figure class=\"alignleft size-large is-resized\"><img loading=\"lazy\" decoding=\"async\" width=\"1024\" height=\"570\" src=\"https:\/\/2cvcharlieu.fr\/wp-content\/uploads\/2026\/02\/20250730_170640-1024x570.jpg\" alt=\"\" class=\"wp-image-4102\" style=\"aspect-ratio:1.7965118954488979;width:256px;height:auto\" srcset=\"https:\/\/2cvcharlieu.fr\/wp-content\/uploads\/2026\/02\/20250730_170640-1024x570.jpg 1024w, https:\/\/2cvcharlieu.fr\/wp-content\/uploads\/2026\/02\/20250730_170640-300x167.jpg 300w, https:\/\/2cvcharlieu.fr\/wp-content\/uploads\/2026\/02\/20250730_170640-768x427.jpg 768w, https:\/\/2cvcharlieu.fr\/wp-content\/uploads\/2026\/02\/20250730_170640-1200x668.jpg 1200w, https:\/\/2cvcharlieu.fr\/wp-content\/uploads\/2026\/02\/20250730_170640.jpg 1377w\" sizes=\"auto, (max-width: 1024px) 100vw, 1024px\" \/><\/figure>\n<\/div>\n\n<div class=\"wp-block-image\">\n<figure class=\"aligncenter size-full is-resized\"><img loading=\"lazy\" decoding=\"async\" width=\"584\" height=\"364\" src=\"https:\/\/2cvcharlieu.fr\/wp-content\/uploads\/2026\/02\/2000007366395.png\" alt=\"\" class=\"wp-image-4099\" style=\"aspect-ratio:1.6045383841156555;width:256px;height:auto\" srcset=\"https:\/\/2cvcharlieu.fr\/wp-content\/uploads\/2026\/02\/2000007366395.png 584w, https:\/\/2cvcharlieu.fr\/wp-content\/uploads\/2026\/02\/2000007366395-300x187.png 300w\" sizes=\"auto, (max-width: 584px) 100vw, 584px\" \/><\/figure>\n<\/div>\n\n<div class=\"wp-block-image\">\n<figure class=\"alignright size-large is-resized\"><img loading=\"lazy\" decoding=\"async\" width=\"713\" height=\"1024\" src=\"https:\/\/2cvcharlieu.fr\/wp-content\/uploads\/2026\/02\/IMG_89462cvClub-713x1024.jpg\" alt=\"\" class=\"wp-image-4160\" style=\"aspect-ratio:0.6962973532139545;width:273px;height:auto\" srcset=\"https:\/\/2cvcharlieu.fr\/wp-content\/uploads\/2026\/02\/IMG_89462cvClub-713x1024.jpg 713w, https:\/\/2cvcharlieu.fr\/wp-content\/uploads\/2026\/02\/IMG_89462cvClub-209x300.jpg 209w, https:\/\/2cvcharlieu.fr\/wp-content\/uploads\/2026\/02\/IMG_89462cvClub-768x1102.jpg 768w, https:\/\/2cvcharlieu.fr\/wp-content\/uploads\/2026\/02\/IMG_89462cvClub-1070x1536.jpg 1070w, https:\/\/2cvcharlieu.fr\/wp-content\/uploads\/2026\/02\/IMG_89462cvClub.jpg 1188w\" sizes=\"auto, (max-width: 713px) 100vw, 713px\" \/><\/figure>\n<\/div>\n\n\n<p class=\"has-text-align-center\"><strong>Assembl\u00e9e g\u00e9n\u00e9rale vendredi 30 janvier 2026<\/strong><\/p>\n\n\n<div class=\"wp-block-image\">\n<figure class=\"alignleft size-full is-resized\"><img loading=\"lazy\" decoding=\"async\" width=\"250\" height=\"257\" src=\"https:\/\/2cvcharlieu.fr\/wp-content\/uploads\/2026\/02\/2cv-club-Rouge2026-google.jpg\" alt=\"\" class=\"wp-image-4279\" style=\"aspect-ratio:0.9729556729076653;width:311px;height:auto\"\/><\/figure>\n<\/div>\n\n<div class=\"wp-block-image\">\n<figure class=\"aligncenter size-large is-resized\"><img loading=\"lazy\" decoding=\"async\" width=\"1024\" height=\"934\" src=\"https:\/\/2cvcharlieu.fr\/wp-content\/uploads\/2026\/02\/IMG_19-02-2026-Pays-Roannais-4-1024x934.jpg\" alt=\"\" class=\"wp-image-4276\" style=\"aspect-ratio:1.0963828353179061;width:375px;height:auto\" srcset=\"https:\/\/2cvcharlieu.fr\/wp-content\/uploads\/2026\/02\/IMG_19-02-2026-Pays-Roannais-4-1024x934.jpg 1024w, https:\/\/2cvcharlieu.fr\/wp-content\/uploads\/2026\/02\/IMG_19-02-2026-Pays-Roannais-4-300x274.jpg 300w, https:\/\/2cvcharlieu.fr\/wp-content\/uploads\/2026\/02\/IMG_19-02-2026-Pays-Roannais-4-768x700.jpg 768w, https:\/\/2cvcharlieu.fr\/wp-content\/uploads\/2026\/02\/IMG_19-02-2026-Pays-Roannais-4-1536x1400.jpg 1536w, https:\/\/2cvcharlieu.fr\/wp-content\/uploads\/2026\/02\/IMG_19-02-2026-Pays-Roannais-4-2048x1867.jpg 2048w, https:\/\/2cvcharlieu.fr\/wp-content\/uploads\/2026\/02\/IMG_19-02-2026-Pays-Roannais-4-1200x1094.jpg 1200w, https:\/\/2cvcharlieu.fr\/wp-content\/uploads\/2026\/02\/IMG_19-02-2026-Pays-Roannais-4-1980x1805.jpg 1980w\" sizes=\"auto, (max-width: 1024px) 100vw, 1024px\" \/><\/figure>\n<\/div>\n\n\n<p class=\"has-text-align-center\"><strong>PROGRAMME DES SORTIES 2026<\/strong><\/p>\n\n\n<div class=\"wp-block-image\">\n<figure class=\"alignright size-full is-resized\"><img loading=\"lazy\" decoding=\"async\" width=\"299\" height=\"137\" src=\"https:\/\/2cvcharlieu.fr\/wp-content\/uploads\/2026\/02\/images.jpg\" alt=\"\" class=\"wp-image-4246\" style=\"aspect-ratio:2.182857142857143;width:303px;height:auto\"\/><\/figure>\n<\/div>\n\n<div class=\"wp-block-image\">\n<figure class=\"alignleft size-full is-resized\"><img loading=\"lazy\" decoding=\"async\" width=\"735\" height=\"855\" src=\"https:\/\/2cvcharlieu.fr\/wp-content\/uploads\/2026\/03\/image_1406669_20231226_ob_a29ac7_musee-du-chapeau-chazelles-sur-lyon.png\" alt=\"\" class=\"wp-image-4565\" style=\"aspect-ratio:0.8596657344813159;width:132px;height:auto\" srcset=\"https:\/\/2cvcharlieu.fr\/wp-content\/uploads\/2026\/03\/image_1406669_20231226_ob_a29ac7_musee-du-chapeau-chazelles-sur-lyon.png 735w, https:\/\/2cvcharlieu.fr\/wp-content\/uploads\/2026\/03\/image_1406669_20231226_ob_a29ac7_musee-du-chapeau-chazelles-sur-lyon-258x300.png 258w\" sizes=\"auto, (max-width: 735px) 100vw, 735px\" \/><\/figure>\n<\/div>\n\n\n<p class=\"has-text-align-center\"><strong>Samedi 21 mars 2026 &#8211; Mus\u00e9e du Chapeau 42 Chazelle\/Lyon<\/strong><\/p>\n\n\n<div class=\"wp-block-image\">\n<figure class=\"aligncenter size-full is-resized\"><img loading=\"lazy\" decoding=\"async\" width=\"150\" height=\"154\" src=\"https:\/\/2cvcharlieu.fr\/wp-content\/uploads\/2026\/02\/2cv-club-Rouge2026-27-10.jpg\" alt=\"\" class=\"wp-image-4450\" style=\"aspect-ratio:0.9742388758782201;width:63px;height:auto\"\/><\/figure>\n<\/div>\n\n\n<p class=\"has-text-align-center\"><strong>Dimanche 12 avril 2026 &#8211; Rencontre des 2 clochers 71 Toulon\/Arroux<\/strong><\/p>\n\n\n<div class=\"wp-block-image\">\n<figure class=\"alignright size-large is-resized\"><img loading=\"lazy\" decoding=\"async\" width=\"1024\" height=\"441\" src=\"https:\/\/2cvcharlieu.fr\/wp-content\/uploads\/2026\/04\/IMG-2026PHOTO-12AVRIL-1024x441.jpg\" alt=\"\" class=\"wp-image-4749\" style=\"aspect-ratio:2.3221508446347845;width:400px;height:auto\" srcset=\"https:\/\/2cvcharlieu.fr\/wp-content\/uploads\/2026\/04\/IMG-2026PHOTO-12AVRIL-1024x441.jpg 1024w, https:\/\/2cvcharlieu.fr\/wp-content\/uploads\/2026\/04\/IMG-2026PHOTO-12AVRIL-300x129.jpg 300w, https:\/\/2cvcharlieu.fr\/wp-content\/uploads\/2026\/04\/IMG-2026PHOTO-12AVRIL-768x331.jpg 768w, https:\/\/2cvcharlieu.fr\/wp-content\/uploads\/2026\/04\/IMG-2026PHOTO-12AVRIL-1536x661.jpg 1536w, https:\/\/2cvcharlieu.fr\/wp-content\/uploads\/2026\/04\/IMG-2026PHOTO-12AVRIL-1200x517.jpg 1200w, https:\/\/2cvcharlieu.fr\/wp-content\/uploads\/2026\/04\/IMG-2026PHOTO-12AVRIL.jpg 1600w\" sizes=\"auto, (max-width: 1024px) 100vw, 1024px\" \/><\/figure>\n<\/div>\n\n<div class=\"wp-block-image\">\n<figure class=\"alignleft size-large is-resized\"><img loading=\"lazy\" decoding=\"async\" width=\"1024\" height=\"568\" src=\"https:\/\/2cvcharlieu.fr\/wp-content\/uploads\/2026\/04\/IMG_9505-1-1024x568.jpg\" alt=\"\" class=\"wp-image-4781\" style=\"aspect-ratio:1.8029001570148702;width:312px;height:auto\" srcset=\"https:\/\/2cvcharlieu.fr\/wp-content\/uploads\/2026\/04\/IMG_9505-1-1024x568.jpg 1024w, https:\/\/2cvcharlieu.fr\/wp-content\/uploads\/2026\/04\/IMG_9505-1-300x166.jpg 300w, https:\/\/2cvcharlieu.fr\/wp-content\/uploads\/2026\/04\/IMG_9505-1-768x426.jpg 768w, https:\/\/2cvcharlieu.fr\/wp-content\/uploads\/2026\/04\/IMG_9505-1-1536x852.jpg 1536w, https:\/\/2cvcharlieu.fr\/wp-content\/uploads\/2026\/04\/IMG_9505-1-1200x665.jpg 1200w, https:\/\/2cvcharlieu.fr\/wp-content\/uploads\/2026\/04\/IMG_9505-1-1980x1098.jpg 1980w, https:\/\/2cvcharlieu.fr\/wp-content\/uploads\/2026\/04\/IMG_9505-1.jpg 2016w\" sizes=\"auto, (max-width: 1024px) 100vw, 1024px\" \/><\/figure>\n<\/div>\n\n<div class=\"wp-block-image\">\n<figure class=\"aligncenter size-large is-resized\"><img loading=\"lazy\" decoding=\"async\" width=\"1024\" height=\"618\" src=\"https:\/\/2cvcharlieu.fr\/wp-content\/uploads\/2026\/04\/IMG_9503-1024x618.jpg\" alt=\"\" class=\"wp-image-4783\" style=\"aspect-ratio:1.6570458404074704;width:313px;height:auto\" srcset=\"https:\/\/2cvcharlieu.fr\/wp-content\/uploads\/2026\/04\/IMG_9503-1024x618.jpg 1024w, https:\/\/2cvcharlieu.fr\/wp-content\/uploads\/2026\/04\/IMG_9503-300x181.jpg 300w, https:\/\/2cvcharlieu.fr\/wp-content\/uploads\/2026\/04\/IMG_9503-768x464.jpg 768w, https:\/\/2cvcharlieu.fr\/wp-content\/uploads\/2026\/04\/IMG_9503-1536x927.jpg 1536w, https:\/\/2cvcharlieu.fr\/wp-content\/uploads\/2026\/04\/IMG_9503-1200x724.jpg 1200w, https:\/\/2cvcharlieu.fr\/wp-content\/uploads\/2026\/04\/IMG_9503-1980x1195.jpg 1980w, https:\/\/2cvcharlieu.fr\/wp-content\/uploads\/2026\/04\/IMG_9503.jpg 2016w\" sizes=\"auto, (max-width: 1024px) 100vw, 1024px\" \/><\/figure>\n<\/div>\n\n<div class=\"wp-block-image\">\n<figure class=\"aligncenter size-full is-resized\"><img loading=\"lazy\" decoding=\"async\" width=\"150\" height=\"154\" src=\"https:\/\/2cvcharlieu.fr\/wp-content\/uploads\/2026\/02\/2cv-club-Rouge2026-27-11.jpg\" alt=\"\" class=\"wp-image-4452\" style=\"width:69px;height:auto\"\/><\/figure>\n<\/div>\n\n\n<p class=\"has-text-align-center\"><strong>Dimanche 26 avril 2026 &#8211; Station OZO Le Coteau<\/strong><\/p>\n\n\n<div class=\"wp-block-image\">\n<figure class=\"alignleft size-large is-resized\"><img loading=\"lazy\" decoding=\"async\" width=\"1024\" height=\"531\" src=\"https:\/\/2cvcharlieu.fr\/wp-content\/uploads\/2026\/04\/IMG_9650-1024x531.jpeg\" alt=\"\" class=\"wp-image-4812\" style=\"aspect-ratio:1.9284726338668248;width:417px;height:auto\" srcset=\"https:\/\/2cvcharlieu.fr\/wp-content\/uploads\/2026\/04\/IMG_9650-1024x531.jpeg 1024w, https:\/\/2cvcharlieu.fr\/wp-content\/uploads\/2026\/04\/IMG_9650-300x156.jpeg 300w, https:\/\/2cvcharlieu.fr\/wp-content\/uploads\/2026\/04\/IMG_9650-768x398.jpeg 768w, https:\/\/2cvcharlieu.fr\/wp-content\/uploads\/2026\/04\/IMG_9650-1536x796.jpeg 1536w, https:\/\/2cvcharlieu.fr\/wp-content\/uploads\/2026\/04\/IMG_9650-1200x622.jpeg 1200w, https:\/\/2cvcharlieu.fr\/wp-content\/uploads\/2026\/04\/IMG_9650-1980x1026.jpeg 1980w, https:\/\/2cvcharlieu.fr\/wp-content\/uploads\/2026\/04\/IMG_9650.jpeg 2016w\" sizes=\"auto, (max-width: 1024px) 100vw, 1024px\" \/><\/figure>\n<\/div>\n\n<div class=\"wp-block-image\">\n<figure class=\"alignright size-large is-resized\"><img loading=\"lazy\" decoding=\"async\" width=\"952\" height=\"1024\" src=\"https:\/\/2cvcharlieu.fr\/wp-content\/uploads\/2026\/04\/2f1424a5-8272-45ab-987f-d9b6f31ee9c6-952x1024.jpg\" alt=\"\" class=\"wp-image-4813\" style=\"aspect-ratio:0.9297008954086493;width:216px;height:auto\" srcset=\"https:\/\/2cvcharlieu.fr\/wp-content\/uploads\/2026\/04\/2f1424a5-8272-45ab-987f-d9b6f31ee9c6-952x1024.jpg 952w, https:\/\/2cvcharlieu.fr\/wp-content\/uploads\/2026\/04\/2f1424a5-8272-45ab-987f-d9b6f31ee9c6-279x300.jpg 279w, https:\/\/2cvcharlieu.fr\/wp-content\/uploads\/2026\/04\/2f1424a5-8272-45ab-987f-d9b6f31ee9c6-768x826.jpg 768w, https:\/\/2cvcharlieu.fr\/wp-content\/uploads\/2026\/04\/2f1424a5-8272-45ab-987f-d9b6f31ee9c6.jpg 960w\" sizes=\"auto, (max-width: 952px) 100vw, 952px\" \/><\/figure>\n<\/div>\n\n<div class=\"wp-block-image\">\n<figure class=\"aligncenter size-full is-resized\"><img loading=\"lazy\" decoding=\"async\" width=\"720\" height=\"1009\" src=\"https:\/\/2cvcharlieu.fr\/wp-content\/uploads\/2026\/03\/WhatsApp-Image-2026-03-27-at-08.20.58.jpeg\" alt=\"\" class=\"wp-image-4676\" style=\"aspect-ratio:0.7135937414319399;width:158px;height:auto\" srcset=\"https:\/\/2cvcharlieu.fr\/wp-content\/uploads\/2026\/03\/WhatsApp-Image-2026-03-27-at-08.20.58.jpeg 720w, https:\/\/2cvcharlieu.fr\/wp-content\/uploads\/2026\/03\/WhatsApp-Image-2026-03-27-at-08.20.58-214x300.jpeg 214w\" sizes=\"auto, (max-width: 720px) 100vw, 720px\" \/><\/figure>\n<\/div>\n\n\n<p class=\"has-text-align-center\">La Nationale 2cv et d\u00e9riv\u00e9s du 13 au 17 mai 2026 \u00e0 Villiers\/Loir 41<\/p>\n\n\n<div class=\"wp-block-image\">\n<figure class=\"aligncenter size-full is-resized\"><img loading=\"lazy\" decoding=\"async\" width=\"960\" height=\"292\" src=\"https:\/\/2cvcharlieu.fr\/wp-content\/uploads\/2026\/02\/500881895_9910966238957099_1643209249116964784_n-2.jpg\" alt=\"\" class=\"wp-image-4248\" style=\"aspect-ratio:3.2878558194374263;width:324px;height:auto\" srcset=\"https:\/\/2cvcharlieu.fr\/wp-content\/uploads\/2026\/02\/500881895_9910966238957099_1643209249116964784_n-2.jpg 960w, https:\/\/2cvcharlieu.fr\/wp-content\/uploads\/2026\/02\/500881895_9910966238957099_1643209249116964784_n-2-300x91.jpg 300w, https:\/\/2cvcharlieu.fr\/wp-content\/uploads\/2026\/02\/500881895_9910966238957099_1643209249116964784_n-2-768x234.jpg 768w\" sizes=\"auto, (max-width: 960px) 100vw, 960px\" \/><\/figure>\n<\/div>\n\n<div class=\"wp-block-image\">\n<figure class=\"alignright size-large is-resized\"><img loading=\"lazy\" decoding=\"async\" width=\"724\" height=\"1024\" src=\"https:\/\/2cvcharlieu.fr\/wp-content\/uploads\/2026\/02\/V2-Tract-du-Retro-2026-724x1024.jpg\" alt=\"\" class=\"wp-image-4249\" style=\"aspect-ratio:0.707041437264561;width:111px;height:auto\" srcset=\"https:\/\/2cvcharlieu.fr\/wp-content\/uploads\/2026\/02\/V2-Tract-du-Retro-2026-724x1024.jpg 724w, https:\/\/2cvcharlieu.fr\/wp-content\/uploads\/2026\/02\/V2-Tract-du-Retro-2026-212x300.jpg 212w, https:\/\/2cvcharlieu.fr\/wp-content\/uploads\/2026\/02\/V2-Tract-du-Retro-2026-768x1086.jpg 768w, https:\/\/2cvcharlieu.fr\/wp-content\/uploads\/2026\/02\/V2-Tract-du-Retro-2026-1086x1536.jpg 1086w, https:\/\/2cvcharlieu.fr\/wp-content\/uploads\/2026\/02\/V2-Tract-du-Retro-2026-1448x2048.jpg 1448w, https:\/\/2cvcharlieu.fr\/wp-content\/uploads\/2026\/02\/V2-Tract-du-Retro-2026-1200x1698.jpg 1200w, https:\/\/2cvcharlieu.fr\/wp-content\/uploads\/2026\/02\/V2-Tract-du-Retro-2026-1980x2801.jpg 1980w, https:\/\/2cvcharlieu.fr\/wp-content\/uploads\/2026\/02\/V2-Tract-du-Retro-2026-scaled.jpg 1810w\" sizes=\"auto, (max-width: 724px) 100vw, 724px\" \/><\/figure>\n<\/div>\n\n\n<p class=\"has-text-align-center\">Dimanche 17 mai 2026 &#8211; 21\u00e8me R\u00e9trofor\u00e9zien 42 Feurs<\/p>\n\n\n<div class=\"wp-block-image\">\n<figure class=\"aligncenter size-full is-resized\"><img loading=\"lazy\" decoding=\"async\" width=\"150\" height=\"154\" src=\"https:\/\/2cvcharlieu.fr\/wp-content\/uploads\/2026\/02\/2cv-club-Rouge2026-27-6.jpg\" alt=\"\" class=\"wp-image-4443\" style=\"aspect-ratio:0.9741483450108722;width:51px;height:auto\"\/><\/figure>\n<\/div>\n\n<div class=\"wp-block-image\">\n<figure class=\"alignleft size-large is-resized\"><img loading=\"lazy\" decoding=\"async\" width=\"1024\" height=\"683\" src=\"https:\/\/2cvcharlieu.fr\/wp-content\/uploads\/2026\/02\/preview-5-1024x683.jpeg\" alt=\"\" class=\"wp-image-4420\" style=\"aspect-ratio:1.4992895272475901;width:169px;height:auto\" srcset=\"https:\/\/2cvcharlieu.fr\/wp-content\/uploads\/2026\/02\/preview-5-1024x683.jpeg 1024w, https:\/\/2cvcharlieu.fr\/wp-content\/uploads\/2026\/02\/preview-5-300x200.jpeg 300w, https:\/\/2cvcharlieu.fr\/wp-content\/uploads\/2026\/02\/preview-5-768x512.jpeg 768w, https:\/\/2cvcharlieu.fr\/wp-content\/uploads\/2026\/02\/preview-5-1536x1024.jpeg 1536w, https:\/\/2cvcharlieu.fr\/wp-content\/uploads\/2026\/02\/preview-5-2048x1365.jpeg 2048w, https:\/\/2cvcharlieu.fr\/wp-content\/uploads\/2026\/02\/preview-5-1200x800.jpeg 1200w, https:\/\/2cvcharlieu.fr\/wp-content\/uploads\/2026\/02\/preview-5-1980x1320.jpeg 1980w\" sizes=\"auto, (max-width: 1024px) 100vw, 1024px\" \/><\/figure>\n<\/div>\n\n\n<p class=\"has-text-align-center\">Samedi 6 juin 2026 &#8211; 7\u00e8me Handi Deuch 42 Pouilly\/Charlieu<\/p>\n\n\n<div class=\"wp-block-image\">\n<figure class=\"aligncenter size-full is-resized\"><img loading=\"lazy\" decoding=\"async\" width=\"584\" height=\"364\" src=\"https:\/\/2cvcharlieu.fr\/wp-content\/uploads\/2026\/02\/2000007366395-1.png\" alt=\"\" class=\"wp-image-4441\" style=\"aspect-ratio:1.6046511627906976;width:86px;height:auto\" srcset=\"https:\/\/2cvcharlieu.fr\/wp-content\/uploads\/2026\/02\/2000007366395-1.png 584w, https:\/\/2cvcharlieu.fr\/wp-content\/uploads\/2026\/02\/2000007366395-1-300x187.png 300w\" sizes=\"auto, (max-width: 584px) 100vw, 584px\" \/><\/figure>\n<\/div>\n\n<div class=\"wp-block-image\">\n<figure class=\"alignright size-large is-resized\"><img loading=\"lazy\" decoding=\"async\" width=\"723\" height=\"1024\" src=\"https:\/\/2cvcharlieu.fr\/wp-content\/uploads\/2026\/02\/644007846_Automusee-2026-723x1024.jpg\" alt=\"\" class=\"wp-image-4407\" style=\"aspect-ratio:0.7060695941546697;width:107px;height:auto\" srcset=\"https:\/\/2cvcharlieu.fr\/wp-content\/uploads\/2026\/02\/644007846_Automusee-2026-723x1024.jpg 723w, https:\/\/2cvcharlieu.fr\/wp-content\/uploads\/2026\/02\/644007846_Automusee-2026-212x300.jpg 212w, https:\/\/2cvcharlieu.fr\/wp-content\/uploads\/2026\/02\/644007846_Automusee-2026-768x1088.jpg 768w, https:\/\/2cvcharlieu.fr\/wp-content\/uploads\/2026\/02\/644007846_Automusee-2026.jpg 802w\" sizes=\"auto, (max-width: 723px) 100vw, 723px\" \/><\/figure>\n<\/div>\n\n\n<p class=\"has-text-align-center\">Samedi 13 juin 2026 &#8211; Exposition Automus\u00e9e \u00e0 St L\u00e9ger\/Roanne 42<\/p>\n\n\n<div class=\"wp-block-image\">\n<figure class=\"aligncenter size-full is-resized\"><img loading=\"lazy\" decoding=\"async\" width=\"150\" height=\"154\" src=\"https:\/\/2cvcharlieu.fr\/wp-content\/uploads\/2026\/02\/2cv-club-Rouge2026-27-5.jpg\" alt=\"\" class=\"wp-image-4442\" style=\"aspect-ratio:0.9742596180459452;width:57px;height:auto\"\/><\/figure>\n<\/div>\n\n<div class=\"wp-block-image\">\n<figure class=\"alignleft size-large is-resized\"><img loading=\"lazy\" decoding=\"async\" width=\"1024\" height=\"629\" src=\"https:\/\/2cvcharlieu.fr\/wp-content\/uploads\/2026\/02\/495006047_122025-1024x629.jpg\" alt=\"\" class=\"wp-image-4456\" style=\"aspect-ratio:1.628023352793995;width:178px;height:auto\" srcset=\"https:\/\/2cvcharlieu.fr\/wp-content\/uploads\/2026\/02\/495006047_122025-1024x629.jpg 1024w, https:\/\/2cvcharlieu.fr\/wp-content\/uploads\/2026\/02\/495006047_122025-300x184.jpg 300w, https:\/\/2cvcharlieu.fr\/wp-content\/uploads\/2026\/02\/495006047_122025-768x472.jpg 768w, https:\/\/2cvcharlieu.fr\/wp-content\/uploads\/2026\/02\/495006047_122025-1200x737.jpg 1200w, https:\/\/2cvcharlieu.fr\/wp-content\/uploads\/2026\/02\/495006047_122025.jpg 1536w\" sizes=\"auto, (max-width: 1024px) 100vw, 1024px\" \/><\/figure>\n<\/div>\n\n<div class=\"wp-block-image\">\n<figure class=\"alignright size-large is-resized\"><img loading=\"lazy\" decoding=\"async\" width=\"726\" height=\"1024\" src=\"https:\/\/2cvcharlieu.fr\/wp-content\/uploads\/2026\/04\/IMG_Affiche-1-726x1024.jpg\" alt=\"\" class=\"wp-image-4850\" style=\"aspect-ratio:0.7089931715821589;width:185px;height:auto\" srcset=\"https:\/\/2cvcharlieu.fr\/wp-content\/uploads\/2026\/04\/IMG_Affiche-1-726x1024.jpg 726w, https:\/\/2cvcharlieu.fr\/wp-content\/uploads\/2026\/04\/IMG_Affiche-1-213x300.jpg 213w, https:\/\/2cvcharlieu.fr\/wp-content\/uploads\/2026\/04\/IMG_Affiche-1-768x1084.jpg 768w, https:\/\/2cvcharlieu.fr\/wp-content\/uploads\/2026\/04\/IMG_Affiche-1.jpg 781w\" sizes=\"auto, (max-width: 726px) 100vw, 726px\" \/><\/figure>\n<\/div>\n\n\n<p class=\"has-text-align-center\"><strong>Dimanche 21 juin 2026 &#8211; Exposition 10 ans du Club 2cv et d\u00e9riv\u00e9s v\u00e9hicules de + 30 ans &#8211; Mobylette, solex et scooter vintage \u00e0 Pouilly\/Charlieu 42720<\/strong><\/p>\n\n\n<div class=\"wp-block-image\">\n<figure class=\"alignleft size-large is-resized\"><img loading=\"lazy\" decoding=\"async\" width=\"1024\" height=\"543\" src=\"https:\/\/2cvcharlieu.fr\/wp-content\/uploads\/2026\/03\/briennon-port-1-1024x543.jpg\" alt=\"\" class=\"wp-image-4536\" style=\"aspect-ratio:1.8858992319211632;width:212px;height:auto\" srcset=\"https:\/\/2cvcharlieu.fr\/wp-content\/uploads\/2026\/03\/briennon-port-1-1024x543.jpg 1024w, https:\/\/2cvcharlieu.fr\/wp-content\/uploads\/2026\/03\/briennon-port-1-300x159.jpg 300w, https:\/\/2cvcharlieu.fr\/wp-content\/uploads\/2026\/03\/briennon-port-1-768x407.jpg 768w, https:\/\/2cvcharlieu.fr\/wp-content\/uploads\/2026\/03\/briennon-port-1-1200x636.jpg 1200w, https:\/\/2cvcharlieu.fr\/wp-content\/uploads\/2026\/03\/briennon-port-1.jpg 1360w\" sizes=\"auto, (max-width: 1024px) 100vw, 1024px\" \/><\/figure>\n<\/div>\n\n<div class=\"wp-block-image\">\n<figure class=\"aligncenter size-large is-resized\"><img loading=\"lazy\" decoding=\"async\" width=\"1024\" height=\"576\" src=\"https:\/\/2cvcharlieu.fr\/wp-content\/uploads\/2026\/02\/494967413_122226208094162182_6195070593348959134_n-1-1024x576.jpg\" alt=\"\" class=\"wp-image-4454\" style=\"width:249px;height:auto\" srcset=\"https:\/\/2cvcharlieu.fr\/wp-content\/uploads\/2026\/02\/494967413_122226208094162182_6195070593348959134_n-1-1024x576.jpg 1024w, https:\/\/2cvcharlieu.fr\/wp-content\/uploads\/2026\/02\/494967413_122226208094162182_6195070593348959134_n-1-300x169.jpg 300w, https:\/\/2cvcharlieu.fr\/wp-content\/uploads\/2026\/02\/494967413_122226208094162182_6195070593348959134_n-1-768x432.jpg 768w, https:\/\/2cvcharlieu.fr\/wp-content\/uploads\/2026\/02\/494967413_122226208094162182_6195070593348959134_n-1-1536x864.jpg 1536w, https:\/\/2cvcharlieu.fr\/wp-content\/uploads\/2026\/02\/494967413_122226208094162182_6195070593348959134_n-1-1200x675.jpg 1200w, https:\/\/2cvcharlieu.fr\/wp-content\/uploads\/2026\/02\/494967413_122226208094162182_6195070593348959134_n-1.jpg 1600w\" sizes=\"auto, (max-width: 1024px) 100vw, 1024px\" \/><\/figure>\n<\/div>\n\n<div class=\"wp-block-image\">\n<figure class=\"alignleft size-full is-resized\"><img loading=\"lazy\" decoding=\"async\" width=\"259\" height=\"194\" src=\"https:\/\/2cvcharlieu.fr\/wp-content\/uploads\/2026\/02\/images-1.jpg\" alt=\"\" class=\"wp-image-4415\" style=\"aspect-ratio:1.335201619181068;width:188px;height:auto\"\/><\/figure>\n<\/div>\n\n\n<p class=\"has-text-align-center\">Samedi 11 juillet 2026 &#8211; Mus\u00e9e de la Fourme \u00e0 Sauvain 42<\/p>\n\n\n<div class=\"wp-block-image\">\n<figure class=\"aligncenter size-large is-resized\"><img loading=\"lazy\" decoding=\"async\" width=\"1024\" height=\"766\" src=\"https:\/\/2cvcharlieu.fr\/wp-content\/uploads\/2026\/02\/unnamedSAUVAIN-1024x766.webp\" alt=\"\" class=\"wp-image-4413\" style=\"aspect-ratio:1.336848953874602;width:128px;height:auto\" srcset=\"https:\/\/2cvcharlieu.fr\/wp-content\/uploads\/2026\/02\/unnamedSAUVAIN-1024x766.webp 1024w, https:\/\/2cvcharlieu.fr\/wp-content\/uploads\/2026\/02\/unnamedSAUVAIN-300x224.webp 300w, https:\/\/2cvcharlieu.fr\/wp-content\/uploads\/2026\/02\/unnamedSAUVAIN-768x574.webp 768w, https:\/\/2cvcharlieu.fr\/wp-content\/uploads\/2026\/02\/unnamedSAUVAIN-1200x897.webp 1200w, https:\/\/2cvcharlieu.fr\/wp-content\/uploads\/2026\/02\/unnamedSAUVAIN.webp 1360w\" sizes=\"auto, (max-width: 1024px) 100vw, 1024px\" \/><\/figure>\n<\/div>\n\n<div class=\"wp-block-image\">\n<figure class=\"alignright size-full is-resized\"><img loading=\"lazy\" decoding=\"async\" width=\"657\" height=\"379\" src=\"https:\/\/2cvcharlieu.fr\/wp-content\/uploads\/2026\/02\/2000007469236.webp\" alt=\"\" class=\"wp-image-4432\" style=\"aspect-ratio:1.733570159857904;width:220px;height:auto\" srcset=\"https:\/\/2cvcharlieu.fr\/wp-content\/uploads\/2026\/02\/2000007469236.webp 657w, https:\/\/2cvcharlieu.fr\/wp-content\/uploads\/2026\/02\/2000007469236-300x173.webp 300w\" sizes=\"auto, (max-width: 657px) 100vw, 657px\" \/><\/figure>\n<\/div>\n\n\n<p class=\"has-text-align-center\">Dimanche 23 ao\u00fbt 2026 &#8211; La f\u00eate du bl\u00e9 42 Villers<\/p>\n\n\n<div class=\"wp-block-image\">\n<figure class=\"aligncenter size-full is-resized\"><img loading=\"lazy\" decoding=\"async\" width=\"150\" height=\"154\" src=\"https:\/\/2cvcharlieu.fr\/wp-content\/uploads\/2026\/02\/2cv-club-Rouge2026-27-7.jpg\" alt=\"\" class=\"wp-image-4445\" style=\"width:62px;height:auto\"\/><\/figure>\n<\/div>\n\n<div class=\"wp-block-image\">\n<figure class=\"alignleft size-large is-resized\"><img loading=\"lazy\" decoding=\"async\" width=\"687\" height=\"1024\" src=\"https:\/\/2cvcharlieu.fr\/wp-content\/uploads\/2026\/02\/627891982_2101174803992396_6907203986311388301_n-687x1024.jpg\" alt=\"\" class=\"wp-image-4253\" style=\"aspect-ratio:0.6709056538924214;width:104px;height:auto\" srcset=\"https:\/\/2cvcharlieu.fr\/wp-content\/uploads\/2026\/02\/627891982_2101174803992396_6907203986311388301_n-687x1024.jpg 687w, https:\/\/2cvcharlieu.fr\/wp-content\/uploads\/2026\/02\/627891982_2101174803992396_6907203986311388301_n-201x300.jpg 201w, https:\/\/2cvcharlieu.fr\/wp-content\/uploads\/2026\/02\/627891982_2101174803992396_6907203986311388301_n-768x1145.jpg 768w, https:\/\/2cvcharlieu.fr\/wp-content\/uploads\/2026\/02\/627891982_2101174803992396_6907203986311388301_n.jpg 848w\" sizes=\"auto, (max-width: 687px) 100vw, 687px\" \/><\/figure>\n<\/div>\n\n\n<div class=\"wp-block-group is-nowrap is-layout-flex wp-container-core-group-is-layout-ad2f72ca wp-block-group-is-layout-flex\">\n<p class=\"has-text-align-center\">Dimanche 6 septembre 2026 &#8211; Mont\u00e9e Historique OZO 42 Le Coteau<\/p>\n<\/div>\n\n\n<div class=\"wp-block-image\">\n<figure class=\"aligncenter size-full is-resized\"><img loading=\"lazy\" decoding=\"async\" width=\"150\" height=\"154\" src=\"https:\/\/2cvcharlieu.fr\/wp-content\/uploads\/2026\/02\/2cv-club-Rouge2026-27-8.jpg\" alt=\"\" class=\"wp-image-4447\" style=\"width:59px;height:auto\"\/><\/figure>\n<\/div>\n\n<div class=\"wp-block-image\">\n<figure class=\"alignleft size-large is-resized\"><img loading=\"lazy\" decoding=\"async\" width=\"1024\" height=\"576\" src=\"https:\/\/2cvcharlieu.fr\/wp-content\/uploads\/2026\/02\/maxresdefaultCHARROUX-2-1024x576.jpg\" alt=\"\" class=\"wp-image-4472\" style=\"width:222px;height:auto\" srcset=\"https:\/\/2cvcharlieu.fr\/wp-content\/uploads\/2026\/02\/maxresdefaultCHARROUX-2-1024x576.jpg 1024w, https:\/\/2cvcharlieu.fr\/wp-content\/uploads\/2026\/02\/maxresdefaultCHARROUX-2-300x169.jpg 300w, https:\/\/2cvcharlieu.fr\/wp-content\/uploads\/2026\/02\/maxresdefaultCHARROUX-2-768x432.jpg 768w, https:\/\/2cvcharlieu.fr\/wp-content\/uploads\/2026\/02\/maxresdefaultCHARROUX-2-1200x675.jpg 1200w, https:\/\/2cvcharlieu.fr\/wp-content\/uploads\/2026\/02\/maxresdefaultCHARROUX-2.jpg 1280w\" sizes=\"auto, (max-width: 1024px) 100vw, 1024px\" \/><\/figure>\n<\/div>\n\n<div class=\"wp-block-image\">\n<figure class=\"alignright size-large is-resized\"><img loading=\"lazy\" decoding=\"async\" width=\"1024\" height=\"683\" src=\"https:\/\/2cvcharlieu.fr\/wp-content\/uploads\/2026\/02\/dsc-01342CV-1024x683.webp\" alt=\"\" class=\"wp-image-4474\" style=\"aspect-ratio:1.4992895272475901;width:212px;height:auto\" srcset=\"https:\/\/2cvcharlieu.fr\/wp-content\/uploads\/2026\/02\/dsc-01342CV-1024x683.webp 1024w, https:\/\/2cvcharlieu.fr\/wp-content\/uploads\/2026\/02\/dsc-01342CV-300x200.webp 300w, https:\/\/2cvcharlieu.fr\/wp-content\/uploads\/2026\/02\/dsc-01342CV-768x512.webp 768w, https:\/\/2cvcharlieu.fr\/wp-content\/uploads\/2026\/02\/dsc-01342CV.webp 1200w\" sizes=\"auto, (max-width: 1024px) 100vw, 1024px\" \/><\/figure>\n<\/div>\n\n\n<div class=\"wp-block-group is-nowrap is-layout-flex wp-container-core-group-is-layout-ad2f72ca wp-block-group-is-layout-flex\">\n<p class=\"has-text-align-center\">Samedi 19 et dimanche 20 septembre 2026 &#8211; visite du village de Charroux 03 &#8211; les gorges de l&rsquo;Allier &#8211; visite de Vichy 03<\/p>\n<\/div>\n\n\n<div class=\"wp-block-image\">\n<figure class=\"aligncenter size-full is-resized\"><img loading=\"lazy\" decoding=\"async\" width=\"284\" height=\"177\" src=\"https:\/\/2cvcharlieu.fr\/wp-content\/uploads\/2026\/02\/imagesVICHY-2.jpg\" alt=\"\" class=\"wp-image-4470\" style=\"aspect-ratio:1.604656368927692;width:232px;height:auto\"\/><\/figure>\n<\/div>\n\n<div class=\"wp-block-image\">\n<figure class=\"alignright size-large is-resized\"><img loading=\"lazy\" decoding=\"async\" width=\"1024\" height=\"768\" src=\"https:\/\/2cvcharlieu.fr\/wp-content\/uploads\/2026\/02\/20250928_145648-1024x768.jpg\" alt=\"\" class=\"wp-image-4434\" style=\"width:192px;height:auto\" srcset=\"https:\/\/2cvcharlieu.fr\/wp-content\/uploads\/2026\/02\/20250928_145648-1024x768.jpg 1024w, https:\/\/2cvcharlieu.fr\/wp-content\/uploads\/2026\/02\/20250928_145648-300x225.jpg 300w, https:\/\/2cvcharlieu.fr\/wp-content\/uploads\/2026\/02\/20250928_145648-768x576.jpg 768w, https:\/\/2cvcharlieu.fr\/wp-content\/uploads\/2026\/02\/20250928_145648-1536x1152.jpg 1536w, https:\/\/2cvcharlieu.fr\/wp-content\/uploads\/2026\/02\/20250928_145648-2048x1536.jpg 2048w, https:\/\/2cvcharlieu.fr\/wp-content\/uploads\/2026\/02\/20250928_145648-1200x900.jpg 1200w, https:\/\/2cvcharlieu.fr\/wp-content\/uploads\/2026\/02\/20250928_145648-1980x1485.jpg 1980w\" sizes=\"auto, (max-width: 1024px) 100vw, 1024px\" \/><\/figure>\n<\/div>\n\n\n<p class=\"has-text-align-center\">Dimanche 27 septembre 2026 &#8211; Exposition \u00e0 Lantigni\u00e9 69<\/p>\n\n\n<div class=\"wp-block-image\">\n<figure class=\"aligncenter size-full is-resized\"><img loading=\"lazy\" decoding=\"async\" width=\"150\" height=\"154\" src=\"https:\/\/2cvcharlieu.fr\/wp-content\/uploads\/2026\/02\/2cv-club-Rouge2026-27-9.jpg\" alt=\"\" class=\"wp-image-4448\" style=\"aspect-ratio:0.9743101807802094;width:56px;height:auto\"\/><\/figure>\n<\/div>\n\n\n<p class=\"has-text-align-center\">Samedi 10 octobre 2026 BOUCHON de LAPALISSE sur la RN7 (les 20 ans)<\/p>\n\n\n<div class=\"wp-block-image\">\n<figure class=\"aligncenter size-full is-resized\"><img loading=\"lazy\" decoding=\"async\" width=\"650\" height=\"893\" src=\"https:\/\/2cvcharlieu.fr\/wp-content\/uploads\/2026\/02\/affiche-version-finale-ens-logo.jpg\" alt=\"\" class=\"wp-image-4436\" style=\"aspect-ratio:0.7278964835738524;width:148px;height:auto\" srcset=\"https:\/\/2cvcharlieu.fr\/wp-content\/uploads\/2026\/02\/affiche-version-finale-ens-logo.jpg 650w, https:\/\/2cvcharlieu.fr\/wp-content\/uploads\/2026\/02\/affiche-version-finale-ens-logo-218x300.jpg 218w\" sizes=\"auto, (max-width: 650px) 100vw, 650px\" \/><\/figure>\n<\/div>\n\n\n<p class=\"has-text-align-center\">Epoquauto LYON Eurexpo 6.7.8 Novembre 2026<\/p>\n\n\n<div class=\"wp-block-image\">\n<figure class=\"aligncenter size-full is-resized\"><img loading=\"lazy\" decoding=\"async\" width=\"189\" height=\"267\" src=\"https:\/\/2cvcharlieu.fr\/wp-content\/uploads\/2026\/04\/telechargement.jpg\" alt=\"\" class=\"wp-image-4821\" style=\"aspect-ratio:0.7078855547801814;width:285px;height:auto\"\/><\/figure>\n<\/div>\n\n<div class=\"wp-block-image\">\n<figure class=\"alignright size-large is-resized\"><img loading=\"lazy\" decoding=\"async\" width=\"1024\" height=\"521\" src=\"https:\/\/2cvcharlieu.fr\/wp-content\/uploads\/2026\/01\/01nationale2cvagde1-1-1024x521.jpg\" alt=\"\" class=\"wp-image-4061\" style=\"aspect-ratio:1.965562380424932;width:111px;height:auto\" srcset=\"https:\/\/2cvcharlieu.fr\/wp-content\/uploads\/2026\/01\/01nationale2cvagde1-1-1024x521.jpg 1024w, https:\/\/2cvcharlieu.fr\/wp-content\/uploads\/2026\/01\/01nationale2cvagde1-1-300x153.jpg 300w, https:\/\/2cvcharlieu.fr\/wp-content\/uploads\/2026\/01\/01nationale2cvagde1-1-768x391.jpg 768w, https:\/\/2cvcharlieu.fr\/wp-content\/uploads\/2026\/01\/01nationale2cvagde1-1-1200x610.jpg 1200w, https:\/\/2cvcharlieu.fr\/wp-content\/uploads\/2026\/01\/01nationale2cvagde1-1.jpg 1500w\" sizes=\"auto, (max-width: 1024px) 100vw, 1024px\" \/><\/figure>\n<\/div>\n\n<div class=\"wp-block-image\">\n<figure class=\"alignleft size-large is-resized\"><img loading=\"lazy\" decoding=\"async\" width=\"1024\" height=\"603\" src=\"https:\/\/2cvcharlieu.fr\/wp-content\/uploads\/2025\/11\/IMG_6320-1-1024x603.jpg\" alt=\"\" class=\"wp-image-3928\" style=\"aspect-ratio:1.6984615384615385;width:112px;height:auto\" srcset=\"https:\/\/2cvcharlieu.fr\/wp-content\/uploads\/2025\/11\/IMG_6320-1-1024x603.jpg 1024w, https:\/\/2cvcharlieu.fr\/wp-content\/uploads\/2025\/11\/IMG_6320-1-300x177.jpg 300w, https:\/\/2cvcharlieu.fr\/wp-content\/uploads\/2025\/11\/IMG_6320-1-768x453.jpg 768w, https:\/\/2cvcharlieu.fr\/wp-content\/uploads\/2025\/11\/IMG_6320-1-1536x905.jpg 1536w, https:\/\/2cvcharlieu.fr\/wp-content\/uploads\/2025\/11\/IMG_6320-1-1200x707.jpg 1200w, https:\/\/2cvcharlieu.fr\/wp-content\/uploads\/2025\/11\/IMG_6320-1-1980x1167.jpg 1980w, https:\/\/2cvcharlieu.fr\/wp-content\/uploads\/2025\/11\/IMG_6320-1.jpg 2016w\" sizes=\"auto, (max-width: 1024px) 100vw, 1024px\" \/><\/figure>\n<\/div>\n\n\n<p class=\"has-text-align-center\"><strong>SAISON 2025 EFFECTUEE<\/strong><\/p>\n\n\n<div class=\"wp-block-image\">\n<figure class=\"aligncenter size-full is-resized\"><img loading=\"lazy\" decoding=\"async\" width=\"569\" height=\"584\" src=\"https:\/\/2cvcharlieu.fr\/wp-content\/uploads\/2025\/11\/2cv-club-Rouge-3.jpg\" alt=\"\" class=\"wp-image-3826\" style=\"aspect-ratio:0.9743944636678201;width:40px;height:auto\" srcset=\"https:\/\/2cvcharlieu.fr\/wp-content\/uploads\/2025\/11\/2cv-club-Rouge-3.jpg 569w, https:\/\/2cvcharlieu.fr\/wp-content\/uploads\/2025\/11\/2cv-club-Rouge-3-292x300.jpg 292w\" sizes=\"auto, (max-width: 569px) 100vw, 569px\" \/><\/figure>\n<\/div>\n\n<div class=\"wp-block-image\">\n<figure class=\"alignright size-full is-resized\"><img loading=\"lazy\" decoding=\"async\" width=\"765\" height=\"1020\" src=\"https:\/\/2cvcharlieu.fr\/wp-content\/uploads\/2024\/10\/20220329_103005.jpg\" alt=\"\" class=\"wp-image-2069\" style=\"aspect-ratio:0.7500563443768312;width:93px;height:auto\" srcset=\"https:\/\/2cvcharlieu.fr\/wp-content\/uploads\/2024\/10\/20220329_103005.jpg 765w, https:\/\/2cvcharlieu.fr\/wp-content\/uploads\/2024\/10\/20220329_103005-225x300.jpg 225w\" sizes=\"auto, (max-width: 765px) 100vw, 765px\" \/><\/figure>\n<\/div>\n\n<div class=\"wp-block-image\">\n<figure class=\"alignleft size-full is-resized\"><img loading=\"lazy\" decoding=\"async\" width=\"640\" height=\"326\" src=\"https:\/\/2cvcharlieu.fr\/wp-content\/uploads\/2025\/04\/IMG_4725club-2cv-1.jpg\" alt=\"\" class=\"wp-image-2986\" style=\"aspect-ratio:1.963288911239628;width:168px;height:auto\" srcset=\"https:\/\/2cvcharlieu.fr\/wp-content\/uploads\/2025\/04\/IMG_4725club-2cv-1.jpg 640w, https:\/\/2cvcharlieu.fr\/wp-content\/uploads\/2025\/04\/IMG_4725club-2cv-1-300x153.jpg 300w\" sizes=\"auto, (max-width: 640px) 100vw, 640px\" \/><\/figure>\n<\/div>\n\n\n<p class=\"has-text-align-center\"><strong>Sortie Conservatoire BERLIET de 7200 m2 \u00e0 Le Montelier (01)  <\/strong><\/p>\n\n\n<div class=\"wp-block-image\">\n<figure class=\"aligncenter size-large is-resized\"><img loading=\"lazy\" decoding=\"async\" width=\"1024\" height=\"576\" src=\"https:\/\/2cvcharlieu.fr\/wp-content\/uploads\/2025\/04\/Photo-Berliet-12-04-2025-1-1024x576.jpg\" alt=\"\" class=\"wp-image-2983\" style=\"width:164px;height:auto\" srcset=\"https:\/\/2cvcharlieu.fr\/wp-content\/uploads\/2025\/04\/Photo-Berliet-12-04-2025-1-1024x576.jpg 1024w, https:\/\/2cvcharlieu.fr\/wp-content\/uploads\/2025\/04\/Photo-Berliet-12-04-2025-1-300x169.jpg 300w, https:\/\/2cvcharlieu.fr\/wp-content\/uploads\/2025\/04\/Photo-Berliet-12-04-2025-1-768x432.jpg 768w, https:\/\/2cvcharlieu.fr\/wp-content\/uploads\/2025\/04\/Photo-Berliet-12-04-2025-1-1536x864.jpg 1536w, https:\/\/2cvcharlieu.fr\/wp-content\/uploads\/2025\/04\/Photo-Berliet-12-04-2025-1-2048x1152.jpg 2048w, https:\/\/2cvcharlieu.fr\/wp-content\/uploads\/2025\/04\/Photo-Berliet-12-04-2025-1-1200x675.jpg 1200w, https:\/\/2cvcharlieu.fr\/wp-content\/uploads\/2025\/04\/Photo-Berliet-12-04-2025-1-1980x1114.jpg 1980w\" sizes=\"auto, (max-width: 1024px) 100vw, 1024px\" \/><\/figure>\n<\/div>\n\n\n<p class=\"has-text-align-center\"><strong>Samedi 12 avril 2025 organis\u00e9 par Jean-Paul et Monique<\/strong><\/p>\n\n\n<div class=\"wp-block-image\">\n<figure class=\"aligncenter size-full is-resized\"><img loading=\"lazy\" decoding=\"async\" width=\"202\" height=\"131\" src=\"https:\/\/2cvcharlieu.fr\/wp-content\/uploads\/2025\/01\/image-2cv-expo.jpg\" alt=\"\" class=\"wp-image-2277\" style=\"aspect-ratio:1.5421686746987953;width:56px;height:auto\"\/><\/figure>\n<\/div>\n\n<div class=\"wp-block-image\">\n<figure class=\"alignright size-large is-resized\"><img loading=\"lazy\" decoding=\"async\" width=\"714\" height=\"1024\" src=\"https:\/\/2cvcharlieu.fr\/wp-content\/uploads\/2025\/05\/0-88-30955520-714x1024.webp\" alt=\"\" class=\"wp-image-3067\" style=\"aspect-ratio:0.6973667142301206;width:91px;height:auto\" srcset=\"https:\/\/2cvcharlieu.fr\/wp-content\/uploads\/2025\/05\/0-88-30955520-714x1024.webp 714w, https:\/\/2cvcharlieu.fr\/wp-content\/uploads\/2025\/05\/0-88-30955520-209x300.webp 209w, https:\/\/2cvcharlieu.fr\/wp-content\/uploads\/2025\/05\/0-88-30955520-768x1101.webp 768w, https:\/\/2cvcharlieu.fr\/wp-content\/uploads\/2025\/05\/0-88-30955520-1071x1536.webp 1071w, https:\/\/2cvcharlieu.fr\/wp-content\/uploads\/2025\/05\/0-88-30955520.webp 1115w\" sizes=\"auto, (max-width: 714px) 100vw, 714px\" \/><\/figure>\n<\/div>\n\n<div class=\"wp-block-image\">\n<figure class=\"alignleft size-full is-resized\"><img loading=\"lazy\" decoding=\"async\" width=\"1024\" height=\"768\" src=\"https:\/\/2cvcharlieu.fr\/wp-content\/uploads\/2025\/01\/20230709_103155-1024x768-1.jpg\" alt=\"\" class=\"wp-image-2297\" style=\"width:108px;height:auto\" srcset=\"https:\/\/2cvcharlieu.fr\/wp-content\/uploads\/2025\/01\/20230709_103155-1024x768-1.jpg 1024w, https:\/\/2cvcharlieu.fr\/wp-content\/uploads\/2025\/01\/20230709_103155-1024x768-1-300x225.jpg 300w, https:\/\/2cvcharlieu.fr\/wp-content\/uploads\/2025\/01\/20230709_103155-1024x768-1-768x576.jpg 768w\" sizes=\"auto, (max-width: 1024px) 100vw, 1024px\" \/><\/figure>\n<\/div>\n\n\n<p class=\"has-text-align-center\"><strong>Les 17 et 18 mai 2025<\/strong> &#8211; <strong>2\u00e8me Exposition de v\u00e9hicules anciens <\/strong><\/p>\n\n\n<div class=\"wp-block-image\">\n<figure class=\"aligncenter size-full is-resized\"><img loading=\"lazy\" decoding=\"async\" width=\"1000\" height=\"500\" src=\"https:\/\/2cvcharlieu.fr\/wp-content\/uploads\/2025\/01\/les-organisateurs-preparent-la-premiere-expo-de-vehicules-anciens-dans-la-commune-photo-pierre-etienne-1688676021.jpg\" alt=\"\" class=\"wp-image-2298\" style=\"width:135px;height:auto\" srcset=\"https:\/\/2cvcharlieu.fr\/wp-content\/uploads\/2025\/01\/les-organisateurs-preparent-la-premiere-expo-de-vehicules-anciens-dans-la-commune-photo-pierre-etienne-1688676021.jpg 1000w, https:\/\/2cvcharlieu.fr\/wp-content\/uploads\/2025\/01\/les-organisateurs-preparent-la-premiere-expo-de-vehicules-anciens-dans-la-commune-photo-pierre-etienne-1688676021-300x150.jpg 300w, https:\/\/2cvcharlieu.fr\/wp-content\/uploads\/2025\/01\/les-organisateurs-preparent-la-premiere-expo-de-vehicules-anciens-dans-la-commune-photo-pierre-etienne-1688676021-768x384.jpg 768w\" sizes=\"auto, (max-width: 1000px) 100vw, 1000px\" \/><\/figure>\n<\/div>\n\n\n<p class=\"has-text-align-center\"><strong>Organis\u00e9 avec Daniel \u00e0 Notre Dame de Boisset (42)<\/strong><\/p>\n\n\n<div class=\"wp-block-image\">\n<figure class=\"aligncenter size-full is-resized\"><img loading=\"lazy\" decoding=\"async\" width=\"569\" height=\"584\" src=\"https:\/\/2cvcharlieu.fr\/wp-content\/uploads\/2025\/11\/2cv-club-Rouge-4.jpg\" alt=\"\" class=\"wp-image-3828\" style=\"aspect-ratio:0.9744487224361218;width:53px;height:auto\" srcset=\"https:\/\/2cvcharlieu.fr\/wp-content\/uploads\/2025\/11\/2cv-club-Rouge-4.jpg 569w, https:\/\/2cvcharlieu.fr\/wp-content\/uploads\/2025\/11\/2cv-club-Rouge-4-292x300.jpg 292w\" sizes=\"auto, (max-width: 569px) 100vw, 569px\" \/><\/figure>\n<\/div>\n\n\n<p class=\"has-text-align-center\">          <strong>Dimanche 25 mai 2025 \u00e0 CHARLIEU<\/strong><\/p>\n\n\n<div class=\"wp-block-image\">\n<figure class=\"alignright size-large is-resized\"><img loading=\"lazy\" decoding=\"async\" width=\"1024\" height=\"542\" src=\"https:\/\/2cvcharlieu.fr\/wp-content\/uploads\/2025\/05\/20250525_100524-2-1024x542.jpg\" alt=\"\" class=\"wp-image-3244\" style=\"aspect-ratio:1.8894377793460362;width:155px;height:auto\" srcset=\"https:\/\/2cvcharlieu.fr\/wp-content\/uploads\/2025\/05\/20250525_100524-2-1024x542.jpg 1024w, https:\/\/2cvcharlieu.fr\/wp-content\/uploads\/2025\/05\/20250525_100524-2-300x159.jpg 300w, https:\/\/2cvcharlieu.fr\/wp-content\/uploads\/2025\/05\/20250525_100524-2-768x407.jpg 768w, https:\/\/2cvcharlieu.fr\/wp-content\/uploads\/2025\/05\/20250525_100524-2-1536x814.jpg 1536w, https:\/\/2cvcharlieu.fr\/wp-content\/uploads\/2025\/05\/20250525_100524-2-2048x1085.jpg 2048w, https:\/\/2cvcharlieu.fr\/wp-content\/uploads\/2025\/05\/20250525_100524-2-1200x636.jpg 1200w, https:\/\/2cvcharlieu.fr\/wp-content\/uploads\/2025\/05\/20250525_100524-2-1980x1049.jpg 1980w\" sizes=\"auto, (max-width: 1024px) 100vw, 1024px\" \/><\/figure>\n<\/div>\n\n<div class=\"wp-block-image\">\n<figure class=\"alignleft size-large is-resized\"><img loading=\"lazy\" decoding=\"async\" width=\"1024\" height=\"663\" src=\"https:\/\/2cvcharlieu.fr\/wp-content\/uploads\/2025\/05\/IMG_5409-2-1024x663.jpg\" alt=\"\" class=\"wp-image-3251\" style=\"aspect-ratio:1.5446044983573415;width:137px;height:auto\" srcset=\"https:\/\/2cvcharlieu.fr\/wp-content\/uploads\/2025\/05\/IMG_5409-2-1024x663.jpg 1024w, https:\/\/2cvcharlieu.fr\/wp-content\/uploads\/2025\/05\/IMG_5409-2-300x194.jpg 300w, https:\/\/2cvcharlieu.fr\/wp-content\/uploads\/2025\/05\/IMG_5409-2-768x497.jpg 768w, https:\/\/2cvcharlieu.fr\/wp-content\/uploads\/2025\/05\/IMG_5409-2-1536x994.jpg 1536w, https:\/\/2cvcharlieu.fr\/wp-content\/uploads\/2025\/05\/IMG_5409-2-1200x777.jpg 1200w, https:\/\/2cvcharlieu.fr\/wp-content\/uploads\/2025\/05\/IMG_5409-2-1980x1282.jpg 1980w, https:\/\/2cvcharlieu.fr\/wp-content\/uploads\/2025\/05\/IMG_5409-2.jpg 2016w\" sizes=\"auto, (max-width: 1024px) 100vw, 1024px\" \/><\/figure>\n<\/div>\n\n\n<p class=\"has-text-align-center\">                <strong>1er Rassemblement Exposition du 2cv Club Charliendin<\/strong><\/p>\n\n\n<div class=\"wp-block-image\">\n<figure class=\"aligncenter size-large is-resized\"><img loading=\"lazy\" decoding=\"async\" width=\"1024\" height=\"576\" src=\"https:\/\/2cvcharlieu.fr\/wp-content\/uploads\/2025\/05\/image0000011-2-1024x576.jpg\" alt=\"\" class=\"wp-image-3246\" style=\"width:149px;height:auto\" srcset=\"https:\/\/2cvcharlieu.fr\/wp-content\/uploads\/2025\/05\/image0000011-2-1024x576.jpg 1024w, https:\/\/2cvcharlieu.fr\/wp-content\/uploads\/2025\/05\/image0000011-2-300x169.jpg 300w, https:\/\/2cvcharlieu.fr\/wp-content\/uploads\/2025\/05\/image0000011-2-768x432.jpg 768w, https:\/\/2cvcharlieu.fr\/wp-content\/uploads\/2025\/05\/image0000011-2-1536x864.jpg 1536w, https:\/\/2cvcharlieu.fr\/wp-content\/uploads\/2025\/05\/image0000011-2-1200x675.jpg 1200w, https:\/\/2cvcharlieu.fr\/wp-content\/uploads\/2025\/05\/image0000011-2.jpg 1600w\" sizes=\"auto, (max-width: 1024px) 100vw, 1024px\" \/><\/figure>\n<\/div>\n\n\n<p class=\"has-text-align-right\"><strong>Organis\u00e9 par les adh\u00e9rents du 2cv Club Charliendin<\/strong><\/p>\n\n\n<div class=\"wp-block-image\">\n<figure class=\"aligncenter size-full is-resized\"><img loading=\"lazy\" decoding=\"async\" width=\"1024\" height=\"658\" src=\"https:\/\/2cvcharlieu.fr\/wp-content\/uploads\/2024\/10\/61O-DvD7fL.jpg\" alt=\"\" class=\"wp-image-2039\" style=\"aspect-ratio:1.5565092989985694;width:66px;height:auto\" srcset=\"https:\/\/2cvcharlieu.fr\/wp-content\/uploads\/2024\/10\/61O-DvD7fL.jpg 1024w, https:\/\/2cvcharlieu.fr\/wp-content\/uploads\/2024\/10\/61O-DvD7fL-300x193.jpg 300w, https:\/\/2cvcharlieu.fr\/wp-content\/uploads\/2024\/10\/61O-DvD7fL-768x494.jpg 768w\" sizes=\"auto, (max-width: 1024px) 100vw, 1024px\" \/><\/figure>\n<\/div>\n\n<div class=\"wp-block-image\">\n<figure class=\"alignright size-full is-resized\"><img loading=\"lazy\" decoding=\"async\" width=\"958\" height=\"591\" src=\"https:\/\/2cvcharlieu.fr\/wp-content\/uploads\/2024\/05\/Capture-decran-2024-05-23-215611.png\" alt=\"\" class=\"wp-image-1186\" style=\"aspect-ratio:1.6211681187479832;width:127px;height:auto\" srcset=\"https:\/\/2cvcharlieu.fr\/wp-content\/uploads\/2024\/05\/Capture-decran-2024-05-23-215611.png 958w, https:\/\/2cvcharlieu.fr\/wp-content\/uploads\/2024\/05\/Capture-decran-2024-05-23-215611-300x185.png 300w, https:\/\/2cvcharlieu.fr\/wp-content\/uploads\/2024\/05\/Capture-decran-2024-05-23-215611-768x474.png 768w\" sizes=\"auto, (max-width: 958px) 100vw, 958px\" \/><\/figure>\n<\/div>\n\n<div class=\"wp-block-image\">\n<figure class=\"alignleft size-large is-resized\"><img loading=\"lazy\" decoding=\"async\" width=\"724\" height=\"1024\" src=\"https:\/\/2cvcharlieu.fr\/wp-content\/uploads\/2024\/05\/nationale-2cv-agde-2025-768x1086-1-724x1024.jpg\" alt=\"\" class=\"wp-image-970\" style=\"aspect-ratio:0.7071257005604483;width:93px;height:auto\" srcset=\"https:\/\/2cvcharlieu.fr\/wp-content\/uploads\/2024\/05\/nationale-2cv-agde-2025-768x1086-1-724x1024.jpg 724w, https:\/\/2cvcharlieu.fr\/wp-content\/uploads\/2024\/05\/nationale-2cv-agde-2025-768x1086-1-212x300.jpg 212w, https:\/\/2cvcharlieu.fr\/wp-content\/uploads\/2024\/05\/nationale-2cv-agde-2025-768x1086-1.jpg 768w\" sizes=\"auto, (max-width: 724px) 100vw, 724px\" \/><\/figure>\n<\/div>\n\n\n<p class=\"has-text-align-center\"><strong>la Nationale en 2025 du 28 mai au 1 juin \u00e0 Agde<\/strong> (34)<\/p>\n\n\n<div class=\"wp-block-image\">\n<figure class=\"aligncenter size-full is-resized\"><img loading=\"lazy\" decoding=\"async\" width=\"640\" height=\"312\" src=\"https:\/\/2cvcharlieu.fr\/wp-content\/uploads\/2024\/05\/IMG_9375.jpg\" alt=\"\" class=\"wp-image-941\" style=\"aspect-ratio:2.051400519780537;width:158px;height:auto\" srcset=\"https:\/\/2cvcharlieu.fr\/wp-content\/uploads\/2024\/05\/IMG_9375.jpg 640w, https:\/\/2cvcharlieu.fr\/wp-content\/uploads\/2024\/05\/IMG_9375-300x146.jpg 300w\" sizes=\"auto, (max-width: 640px) 100vw, 640px\" \/><\/figure>\n<\/div>\n\n\n<p class=\"has-text-align-center\"><strong>3 \u00e9quipages pour la Nationale en 2025<\/strong><\/p>\n\n\n<div class=\"wp-block-image\">\n<figure class=\"aligncenter size-large is-resized\"><img loading=\"lazy\" decoding=\"async\" width=\"1024\" height=\"308\" src=\"https:\/\/2cvcharlieu.fr\/wp-content\/uploads\/2024\/12\/DLEDMV-2K18-GSS-avril-2CV-tricolores-001-2-1024x308.png\" alt=\"\" class=\"wp-image-2156\" style=\"aspect-ratio:3.3258426966292136;width:130px;height:auto\" srcset=\"https:\/\/2cvcharlieu.fr\/wp-content\/uploads\/2024\/12\/DLEDMV-2K18-GSS-avril-2CV-tricolores-001-2-1024x308.png 1024w, https:\/\/2cvcharlieu.fr\/wp-content\/uploads\/2024\/12\/DLEDMV-2K18-GSS-avril-2CV-tricolores-001-2-300x90.png 300w, https:\/\/2cvcharlieu.fr\/wp-content\/uploads\/2024\/12\/DLEDMV-2K18-GSS-avril-2CV-tricolores-001-2-768x231.png 768w, https:\/\/2cvcharlieu.fr\/wp-content\/uploads\/2024\/12\/DLEDMV-2K18-GSS-avril-2CV-tricolores-001-2.png 1046w\" sizes=\"auto, (max-width: 1024px) 100vw, 1024px\" \/><\/figure>\n<\/div>\n\n<div class=\"wp-block-image\">\n<figure class=\"alignright size-large is-resized\"><img loading=\"lazy\" decoding=\"async\" width=\"1024\" height=\"633\" src=\"https:\/\/2cvcharlieu.fr\/wp-content\/uploads\/2025\/06\/IMG_5601-1024x633.jpg\" alt=\"\" class=\"wp-image-3386\" style=\"aspect-ratio:1.6179775280898876;width:122px;height:auto\" srcset=\"https:\/\/2cvcharlieu.fr\/wp-content\/uploads\/2025\/06\/IMG_5601-1024x633.jpg 1024w, https:\/\/2cvcharlieu.fr\/wp-content\/uploads\/2025\/06\/IMG_5601-300x185.jpg 300w, https:\/\/2cvcharlieu.fr\/wp-content\/uploads\/2025\/06\/IMG_5601-768x475.jpg 768w, https:\/\/2cvcharlieu.fr\/wp-content\/uploads\/2025\/06\/IMG_5601-1536x949.jpg 1536w, https:\/\/2cvcharlieu.fr\/wp-content\/uploads\/2025\/06\/IMG_5601-1200x742.jpg 1200w, https:\/\/2cvcharlieu.fr\/wp-content\/uploads\/2025\/06\/IMG_5601-1980x1224.jpg 1980w, https:\/\/2cvcharlieu.fr\/wp-content\/uploads\/2025\/06\/IMG_5601.jpg 2016w\" sizes=\"auto, (max-width: 1024px) 100vw, 1024px\" \/><\/figure>\n<\/div>\n\n<div class=\"wp-block-image\">\n<figure class=\"alignleft size-large is-resized\"><img loading=\"lazy\" decoding=\"async\" width=\"719\" height=\"1024\" src=\"https:\/\/2cvcharlieu.fr\/wp-content\/uploads\/2025\/04\/Affiche-A5-AUTOMUSEE-719x1024.jpg\" alt=\"\" class=\"wp-image-2948\" style=\"aspect-ratio:0.7022538552787663;width:95px;height:auto\" srcset=\"https:\/\/2cvcharlieu.fr\/wp-content\/uploads\/2025\/04\/Affiche-A5-AUTOMUSEE-719x1024.jpg 719w, https:\/\/2cvcharlieu.fr\/wp-content\/uploads\/2025\/04\/Affiche-A5-AUTOMUSEE-211x300.jpg 211w, https:\/\/2cvcharlieu.fr\/wp-content\/uploads\/2025\/04\/Affiche-A5-AUTOMUSEE-768x1094.jpg 768w, https:\/\/2cvcharlieu.fr\/wp-content\/uploads\/2025\/04\/Affiche-A5-AUTOMUSEE-1078x1536.jpg 1078w, https:\/\/2cvcharlieu.fr\/wp-content\/uploads\/2025\/04\/Affiche-A5-AUTOMUSEE.jpg 1157w\" sizes=\"auto, (max-width: 719px) 100vw, 719px\" \/><\/figure>\n<\/div>\n\n\n<p class=\"has-text-align-center\"><strong>Samedi 14 juin 2025 &#8211; 27 \u00e8me <\/strong>Bourse d&rsquo;\u00e9change<strong> Exposition de l&rsquo;AUTOMUSEE \u00e0 St L\u00e9ger\/Roanne <\/strong>(42)<\/p>\n\n\n<div class=\"wp-block-image\">\n<figure class=\"aligncenter size-large is-resized\"><img loading=\"lazy\" decoding=\"async\" width=\"1024\" height=\"636\" src=\"https:\/\/2cvcharlieu.fr\/wp-content\/uploads\/2025\/06\/IMG_5597-1024x636.jpg\" alt=\"\" class=\"wp-image-3384\" style=\"aspect-ratio:1.6102539757892238;width:132px;height:auto\" srcset=\"https:\/\/2cvcharlieu.fr\/wp-content\/uploads\/2025\/06\/IMG_5597-1024x636.jpg 1024w, https:\/\/2cvcharlieu.fr\/wp-content\/uploads\/2025\/06\/IMG_5597-300x186.jpg 300w, https:\/\/2cvcharlieu.fr\/wp-content\/uploads\/2025\/06\/IMG_5597-768x477.jpg 768w, https:\/\/2cvcharlieu.fr\/wp-content\/uploads\/2025\/06\/IMG_5597-1536x954.jpg 1536w, https:\/\/2cvcharlieu.fr\/wp-content\/uploads\/2025\/06\/IMG_5597-1200x745.jpg 1200w, https:\/\/2cvcharlieu.fr\/wp-content\/uploads\/2025\/06\/IMG_5597.jpg 1980w\" sizes=\"auto, (max-width: 1024px) 100vw, 1024px\" \/><\/figure>\n<\/div>\n\n\n<p class=\"has-text-align-center\">Balade et exposition organis\u00e9 par<strong> Martine et Daniel <\/strong><\/p>\n\n\n<div class=\"wp-block-image\">\n<figure class=\"aligncenter size-full is-resized\"><img loading=\"lazy\" decoding=\"async\" width=\"900\" height=\"500\" src=\"https:\/\/2cvcharlieu.fr\/wp-content\/uploads\/2024\/12\/2.jpg\" alt=\"\" class=\"wp-image-2241\" style=\"aspect-ratio:1.8003041054232134;width:83px;height:auto\" srcset=\"https:\/\/2cvcharlieu.fr\/wp-content\/uploads\/2024\/12\/2.jpg 900w, https:\/\/2cvcharlieu.fr\/wp-content\/uploads\/2024\/12\/2-300x167.jpg 300w, https:\/\/2cvcharlieu.fr\/wp-content\/uploads\/2024\/12\/2-768x427.jpg 768w\" sizes=\"auto, (max-width: 900px) 100vw, 900px\" \/><\/figure>\n<\/div>\n\n<div class=\"wp-block-image\">\n<figure class=\"alignright size-large is-resized\"><img loading=\"lazy\" decoding=\"async\" width=\"1024\" height=\"807\" src=\"https:\/\/2cvcharlieu.fr\/wp-content\/uploads\/2025\/07\/20250628_145048-3-1024x807.jpg\" alt=\"\" class=\"wp-image-3437\" style=\"aspect-ratio:1.268996117581808;width:108px;height:auto\" srcset=\"https:\/\/2cvcharlieu.fr\/wp-content\/uploads\/2025\/07\/20250628_145048-3-1024x807.jpg 1024w, https:\/\/2cvcharlieu.fr\/wp-content\/uploads\/2025\/07\/20250628_145048-3-300x236.jpg 300w, https:\/\/2cvcharlieu.fr\/wp-content\/uploads\/2025\/07\/20250628_145048-3-768x605.jpg 768w, https:\/\/2cvcharlieu.fr\/wp-content\/uploads\/2025\/07\/20250628_145048-3-1536x1210.jpg 1536w, https:\/\/2cvcharlieu.fr\/wp-content\/uploads\/2025\/07\/20250628_145048-3-2048x1614.jpg 2048w, https:\/\/2cvcharlieu.fr\/wp-content\/uploads\/2025\/07\/20250628_145048-3-1200x946.jpg 1200w, https:\/\/2cvcharlieu.fr\/wp-content\/uploads\/2025\/07\/20250628_145048-3-1980x1560.jpg 1980w\" sizes=\"auto, (max-width: 1024px) 100vw, 1024px\" \/><\/figure>\n<\/div>\n\n<div class=\"wp-block-image\">\n<figure class=\"alignleft size-large is-resized\"><img loading=\"lazy\" decoding=\"async\" width=\"1024\" height=\"562\" src=\"https:\/\/2cvcharlieu.fr\/wp-content\/uploads\/2025\/07\/20250628_110521-1024x562.jpg\" alt=\"\" class=\"wp-image-3413\" style=\"aspect-ratio:1.8223676238943414;width:143px;height:auto\" srcset=\"https:\/\/2cvcharlieu.fr\/wp-content\/uploads\/2025\/07\/20250628_110521-1024x562.jpg 1024w, https:\/\/2cvcharlieu.fr\/wp-content\/uploads\/2025\/07\/20250628_110521-300x165.jpg 300w, https:\/\/2cvcharlieu.fr\/wp-content\/uploads\/2025\/07\/20250628_110521-768x421.jpg 768w, https:\/\/2cvcharlieu.fr\/wp-content\/uploads\/2025\/07\/20250628_110521-1536x843.jpg 1536w, https:\/\/2cvcharlieu.fr\/wp-content\/uploads\/2025\/07\/20250628_110521-2048x1124.jpg 2048w, https:\/\/2cvcharlieu.fr\/wp-content\/uploads\/2025\/07\/20250628_110521-1200x658.jpg 1200w, https:\/\/2cvcharlieu.fr\/wp-content\/uploads\/2025\/07\/20250628_110521-1980x1086.jpg 1980w\" sizes=\"auto, (max-width: 1024px) 100vw, 1024px\" \/><\/figure>\n<\/div>\n\n\n<p class=\"has-text-align-center\"><strong>Samedi 28 juin 2025 <\/strong>\u00e0 St Bonnet le Ch\u00e2teau (42) <strong>La Boule OBUT<\/strong><\/p>\n\n\n<div class=\"wp-block-image\">\n<figure class=\"aligncenter size-full is-resized\"><img loading=\"lazy\" decoding=\"async\" width=\"275\" height=\"184\" src=\"https:\/\/2cvcharlieu.fr\/wp-content\/uploads\/2024\/12\/telechargement-1.jpg\" alt=\"\" class=\"wp-image-2236\" style=\"aspect-ratio:1.4947756607252611;width:122px;height:auto\"\/><\/figure>\n<\/div>\n\n\n<p class=\"has-text-align-center\"><strong>Organis\u00e9 par Alain et Evelyne<\/strong><\/p>\n\n\n<div class=\"wp-block-image\">\n<figure class=\"aligncenter size-large is-resized\"><img loading=\"lazy\" decoding=\"async\" width=\"1024\" height=\"587\" src=\"https:\/\/2cvcharlieu.fr\/wp-content\/uploads\/2024\/12\/dans-un-peu-plus-20254-1-1024x587.jpg\" alt=\"\" class=\"wp-image-2206\" style=\"aspect-ratio:1.745158002038736;width:59px;height:auto\" srcset=\"https:\/\/2cvcharlieu.fr\/wp-content\/uploads\/2024\/12\/dans-un-peu-plus-20254-1-1024x587.jpg 1024w, https:\/\/2cvcharlieu.fr\/wp-content\/uploads\/2024\/12\/dans-un-peu-plus-20254-1-300x172.jpg 300w, https:\/\/2cvcharlieu.fr\/wp-content\/uploads\/2024\/12\/dans-un-peu-plus-20254-1-768x440.jpg 768w, https:\/\/2cvcharlieu.fr\/wp-content\/uploads\/2024\/12\/dans-un-peu-plus-20254-1-1200x688.jpg 1200w, https:\/\/2cvcharlieu.fr\/wp-content\/uploads\/2024\/12\/dans-un-peu-plus-20254-1.jpg 1316w\" sizes=\"auto, (max-width: 1024px) 100vw, 1024px\" \/><\/figure>\n<\/div>\n\n<div class=\"wp-block-image\">\n<figure class=\"alignright size-full is-resized\"><img loading=\"lazy\" decoding=\"async\" width=\"500\" height=\"500\" src=\"https:\/\/2cvcharlieu.fr\/wp-content\/uploads\/2024\/03\/WM25-200.jpg\" alt=\"\" class=\"wp-image-184\" style=\"width:102px;height:auto\" srcset=\"https:\/\/2cvcharlieu.fr\/wp-content\/uploads\/2024\/03\/WM25-200.jpg 500w, https:\/\/2cvcharlieu.fr\/wp-content\/uploads\/2024\/03\/WM25-200-300x300.jpg 300w, https:\/\/2cvcharlieu.fr\/wp-content\/uploads\/2024\/03\/WM25-200-150x150.jpg 150w\" sizes=\"auto, (max-width: 500px) 100vw, 500px\" \/><\/figure>\n<\/div>\n\n<div class=\"wp-block-image\">\n<figure class=\"alignleft size-full is-resized\"><img loading=\"lazy\" decoding=\"async\" width=\"449\" height=\"449\" src=\"https:\/\/2cvcharlieu.fr\/wp-content\/uploads\/2025\/06\/474488133_1082323913698777_7440634598947029243_n.jpg\" alt=\"\" class=\"wp-image-3370\" style=\"width:95px;height:auto\" srcset=\"https:\/\/2cvcharlieu.fr\/wp-content\/uploads\/2025\/06\/474488133_1082323913698777_7440634598947029243_n.jpg 449w, https:\/\/2cvcharlieu.fr\/wp-content\/uploads\/2025\/06\/474488133_1082323913698777_7440634598947029243_n-300x300.jpg 300w, https:\/\/2cvcharlieu.fr\/wp-content\/uploads\/2025\/06\/474488133_1082323913698777_7440634598947029243_n-150x150.jpg 150w\" sizes=\"auto, (max-width: 449px) 100vw, 449px\" \/><\/figure>\n<\/div>\n\n\n<p class=\"has-text-align-center\"><strong>MONDIAL en SLOVENIE 2025 du 29 Juillet au 3 Ao\u00fbt<\/strong><\/p>\n\n\n<div class=\"wp-block-image\">\n<figure class=\"aligncenter size-large is-resized\"><img loading=\"lazy\" decoding=\"async\" width=\"1024\" height=\"570\" src=\"https:\/\/2cvcharlieu.fr\/wp-content\/uploads\/2025\/08\/20250730_170640-1-1024x570.jpg\" alt=\"\" class=\"wp-image-3545\" style=\"aspect-ratio:1.7966234786022772;width:180px;height:auto\" srcset=\"https:\/\/2cvcharlieu.fr\/wp-content\/uploads\/2025\/08\/20250730_170640-1-1024x570.jpg 1024w, https:\/\/2cvcharlieu.fr\/wp-content\/uploads\/2025\/08\/20250730_170640-1-300x167.jpg 300w, https:\/\/2cvcharlieu.fr\/wp-content\/uploads\/2025\/08\/20250730_170640-1-768x427.jpg 768w, https:\/\/2cvcharlieu.fr\/wp-content\/uploads\/2025\/08\/20250730_170640-1-1200x668.jpg 1200w, https:\/\/2cvcharlieu.fr\/wp-content\/uploads\/2025\/08\/20250730_170640-1.jpg 1377w\" sizes=\"auto, (max-width: 1024px) 100vw, 1024px\" \/><\/figure>\n<\/div>\n\n\n<p class=\"has-text-align-center\">Organis\u00e9 par <strong>les 16 participants<\/strong> de l&rsquo;\u00e9venement<\/p>\n\n\n\n<p class=\"has-text-align-center\"><strong>8 Equipages pr\u00e9sents \u00e0 la Mondiale en Slov\u00e9nie \u00e0 Postojna (fin Juillet  d\u00e9but Ao\u00fbt 2025<\/strong>).<\/p>\n\n\n<div class=\"wp-block-image\">\n<figure class=\"aligncenter size-large is-resized\"><img loading=\"lazy\" decoding=\"async\" width=\"1024\" height=\"308\" src=\"https:\/\/2cvcharlieu.fr\/wp-content\/uploads\/2024\/12\/DLEDMV-2K18-GSS-avril-2CV-tricolores-001-3-1024x308.png\" alt=\"\" class=\"wp-image-2158\" style=\"width:137px;height:auto\" srcset=\"https:\/\/2cvcharlieu.fr\/wp-content\/uploads\/2024\/12\/DLEDMV-2K18-GSS-avril-2CV-tricolores-001-3-1024x308.png 1024w, https:\/\/2cvcharlieu.fr\/wp-content\/uploads\/2024\/12\/DLEDMV-2K18-GSS-avril-2CV-tricolores-001-3-300x90.png 300w, https:\/\/2cvcharlieu.fr\/wp-content\/uploads\/2024\/12\/DLEDMV-2K18-GSS-avril-2CV-tricolores-001-3-768x231.png 768w, https:\/\/2cvcharlieu.fr\/wp-content\/uploads\/2024\/12\/DLEDMV-2K18-GSS-avril-2CV-tricolores-001-3.png 1046w\" sizes=\"auto, (max-width: 1024px) 100vw, 1024px\" \/><\/figure>\n<\/div>\n\n<div class=\"wp-block-image\">\n<figure class=\"alignright size-large is-resized\"><img loading=\"lazy\" decoding=\"async\" width=\"768\" height=\"1024\" src=\"https:\/\/2cvcharlieu.fr\/wp-content\/uploads\/2025\/08\/IMG_7043-768x1024.jpg\" alt=\"\" class=\"wp-image-3555\" style=\"width:103px;height:auto\" srcset=\"https:\/\/2cvcharlieu.fr\/wp-content\/uploads\/2025\/08\/IMG_7043-768x1024.jpg 768w, https:\/\/2cvcharlieu.fr\/wp-content\/uploads\/2025\/08\/IMG_7043-225x300.jpg 225w, https:\/\/2cvcharlieu.fr\/wp-content\/uploads\/2025\/08\/IMG_7043-1152x1536.jpg 1152w, https:\/\/2cvcharlieu.fr\/wp-content\/uploads\/2025\/08\/IMG_7043-1200x1600.jpg 1200w, https:\/\/2cvcharlieu.fr\/wp-content\/uploads\/2025\/08\/IMG_7043-rotated.jpg 1512w\" sizes=\"auto, (max-width: 768px) 100vw, 768px\" \/><\/figure>\n<\/div>\n\n<div class=\"wp-block-image\">\n<figure class=\"alignleft size-full is-resized\"><img loading=\"lazy\" decoding=\"async\" width=\"595\" height=\"841\" src=\"https:\/\/2cvcharlieu.fr\/wp-content\/uploads\/2025\/06\/unnamed-ble.jpg\" alt=\"\" class=\"wp-image-3380\" style=\"aspect-ratio:0.7075263111346953;width:123px;height:auto\" srcset=\"https:\/\/2cvcharlieu.fr\/wp-content\/uploads\/2025\/06\/unnamed-ble.jpg 595w, https:\/\/2cvcharlieu.fr\/wp-content\/uploads\/2025\/06\/unnamed-ble-212x300.jpg 212w\" sizes=\"auto, (max-width: 595px) 100vw, 595px\" \/><\/figure>\n<\/div>\n\n\n<p class=\"has-text-align-center\"><strong>Dimanche 24 ao\u00fbt 2025<\/strong> &#8211; <strong>La f\u00eate du bl\u00e8 \u00e0 Villers (42) <\/strong>&#8211; Les Machines Agricoles organis\u00e9 par <strong>Josiane et Georges<\/strong><\/p>\n\n\n<div class=\"wp-block-image\">\n<figure class=\"aligncenter size-large is-resized\"><img loading=\"lazy\" decoding=\"async\" width=\"1024\" height=\"654\" src=\"https:\/\/2cvcharlieu.fr\/wp-content\/uploads\/2025\/08\/IMG_7041-1024x654.jpg\" alt=\"\" class=\"wp-image-3553\" style=\"aspect-ratio:1.5659037095501185;width:147px;height:auto\" srcset=\"https:\/\/2cvcharlieu.fr\/wp-content\/uploads\/2025\/08\/IMG_7041-1024x654.jpg 1024w, https:\/\/2cvcharlieu.fr\/wp-content\/uploads\/2025\/08\/IMG_7041-300x192.jpg 300w, https:\/\/2cvcharlieu.fr\/wp-content\/uploads\/2025\/08\/IMG_7041-768x490.jpg 768w, https:\/\/2cvcharlieu.fr\/wp-content\/uploads\/2025\/08\/IMG_7041-1536x981.jpg 1536w, https:\/\/2cvcharlieu.fr\/wp-content\/uploads\/2025\/08\/IMG_7041-1200x766.jpg 1200w, https:\/\/2cvcharlieu.fr\/wp-content\/uploads\/2025\/08\/IMG_7041-1980x1264.jpg 1980w, https:\/\/2cvcharlieu.fr\/wp-content\/uploads\/2025\/08\/IMG_7041.jpg 2016w\" sizes=\"auto, (max-width: 1024px) 100vw, 1024px\" \/><\/figure>\n<\/div>\n\n\n<p class=\"has-text-align-center\"><strong>Avec repas sur place et buvette, Four \u00e0 pain et v\u00e9hicules de Collection<\/strong><\/p>\n\n\n<div class=\"wp-block-image\">\n<figure class=\"aligncenter size-full is-resized\"><img loading=\"lazy\" decoding=\"async\" width=\"1024\" height=\"682\" src=\"https:\/\/2cvcharlieu.fr\/wp-content\/uploads\/2025\/01\/104458-46-4701-2-inter-1.jpg\" alt=\"\" class=\"wp-image-2332\" style=\"aspect-ratio:1.5018050541516246;width:60px;height:auto\" srcset=\"https:\/\/2cvcharlieu.fr\/wp-content\/uploads\/2025\/01\/104458-46-4701-2-inter-1.jpg 1024w, https:\/\/2cvcharlieu.fr\/wp-content\/uploads\/2025\/01\/104458-46-4701-2-inter-1-300x200.jpg 300w, https:\/\/2cvcharlieu.fr\/wp-content\/uploads\/2025\/01\/104458-46-4701-2-inter-1-768x512.jpg 768w\" sizes=\"auto, (max-width: 1024px) 100vw, 1024px\" \/><\/figure>\n<\/div>\n\n<div class=\"wp-block-image\">\n<figure class=\"alignleft size-large is-resized\"><img loading=\"lazy\" decoding=\"async\" width=\"724\" height=\"1024\" src=\"https:\/\/2cvcharlieu.fr\/wp-content\/uploads\/2025\/08\/8bfa7f39d476131485963c883987ffe1-724x1024.jpeg\" alt=\"\" class=\"wp-image-3484\" style=\"aspect-ratio:0.7070748023515102;width:134px;height:auto\" srcset=\"https:\/\/2cvcharlieu.fr\/wp-content\/uploads\/2025\/08\/8bfa7f39d476131485963c883987ffe1-724x1024.jpeg 724w, https:\/\/2cvcharlieu.fr\/wp-content\/uploads\/2025\/08\/8bfa7f39d476131485963c883987ffe1-212x300.jpeg 212w, https:\/\/2cvcharlieu.fr\/wp-content\/uploads\/2025\/08\/8bfa7f39d476131485963c883987ffe1-768x1087.jpeg 768w, https:\/\/2cvcharlieu.fr\/wp-content\/uploads\/2025\/08\/8bfa7f39d476131485963c883987ffe1.jpeg 899w\" sizes=\"auto, (max-width: 724px) 100vw, 724px\" \/><\/figure>\n<\/div>\n\n<div class=\"wp-block-image\">\n<figure class=\"alignright size-large is-resized\"><img loading=\"lazy\" decoding=\"async\" width=\"768\" height=\"1024\" src=\"https:\/\/2cvcharlieu.fr\/wp-content\/uploads\/2025\/08\/IMG_7039-768x1024.jpg\" alt=\"\" class=\"wp-image-3557\" style=\"width:112px;height:auto\" srcset=\"https:\/\/2cvcharlieu.fr\/wp-content\/uploads\/2025\/08\/IMG_7039-768x1024.jpg 768w, https:\/\/2cvcharlieu.fr\/wp-content\/uploads\/2025\/08\/IMG_7039-225x300.jpg 225w, https:\/\/2cvcharlieu.fr\/wp-content\/uploads\/2025\/08\/IMG_7039-1152x1536.jpg 1152w, https:\/\/2cvcharlieu.fr\/wp-content\/uploads\/2025\/08\/IMG_7039-1200x1600.jpg 1200w, https:\/\/2cvcharlieu.fr\/wp-content\/uploads\/2025\/08\/IMG_7039-rotated.jpg 1512w\" sizes=\"auto, (max-width: 768px) 100vw, 768px\" \/><\/figure>\n<\/div>\n\n\n<p class=\"has-text-align-center\"><strong>Dimanche 24 ao\u00fbt 2025<\/strong> &#8211; <strong>Concentration Exposition du CRAAC \u00e0 Mably <\/strong>(42) organis\u00e9 par<strong> Thierry<\/strong><\/p>\n\n\n<div class=\"wp-block-image\">\n<figure class=\"aligncenter size-full is-resized\"><img loading=\"lazy\" decoding=\"async\" width=\"640\" height=\"480\" src=\"https:\/\/2cvcharlieu.fr\/wp-content\/uploads\/2024\/11\/IMG_1146.jpg\" alt=\"\" class=\"wp-image-2085\" style=\"width:113px;height:auto\" srcset=\"https:\/\/2cvcharlieu.fr\/wp-content\/uploads\/2024\/11\/IMG_1146.jpg 640w, https:\/\/2cvcharlieu.fr\/wp-content\/uploads\/2024\/11\/IMG_1146-300x225.jpg 300w\" sizes=\"auto, (max-width: 640px) 100vw, 640px\" \/><\/figure>\n<\/div>\n\n<div class=\"wp-block-image\">\n<figure class=\"aligncenter size-full is-resized\"><img loading=\"lazy\" decoding=\"async\" width=\"900\" height=\"500\" src=\"https:\/\/2cvcharlieu.fr\/wp-content\/uploads\/2025\/01\/2.jpg\" alt=\"\" class=\"wp-image-2334\" style=\"aspect-ratio:1.8006584854833882;width:66px;height:auto\" srcset=\"https:\/\/2cvcharlieu.fr\/wp-content\/uploads\/2025\/01\/2.jpg 900w, https:\/\/2cvcharlieu.fr\/wp-content\/uploads\/2025\/01\/2-300x167.jpg 300w, https:\/\/2cvcharlieu.fr\/wp-content\/uploads\/2025\/01\/2-768x427.jpg 768w\" sizes=\"auto, (max-width: 900px) 100vw, 900px\" \/><\/figure>\n<\/div>\n\n\n<p class=\"has-text-align-center\"><strong>Dimanche 7 septembre 2025 Mont\u00e9e Historique <\/strong><\/p>\n\n\n<div class=\"wp-block-image\">\n<figure class=\"alignleft size-full is-resized\"><img loading=\"lazy\" decoding=\"async\" width=\"960\" height=\"479\" src=\"https:\/\/2cvcharlieu.fr\/wp-content\/uploads\/2025\/08\/526799210_1943575503085661_683558038389489003_n.jpg\" alt=\"\" class=\"wp-image-3489\" style=\"aspect-ratio:2.004273819173237;width:231px;height:auto\" srcset=\"https:\/\/2cvcharlieu.fr\/wp-content\/uploads\/2025\/08\/526799210_1943575503085661_683558038389489003_n.jpg 960w, https:\/\/2cvcharlieu.fr\/wp-content\/uploads\/2025\/08\/526799210_1943575503085661_683558038389489003_n-300x150.jpg 300w, https:\/\/2cvcharlieu.fr\/wp-content\/uploads\/2025\/08\/526799210_1943575503085661_683558038389489003_n-768x383.jpg 768w\" sizes=\"auto, (max-width: 960px) 100vw, 960px\" \/><\/figure>\n<\/div>\n\n<div class=\"wp-block-image\">\n<figure class=\"alignright size-large is-resized\"><img loading=\"lazy\" decoding=\"async\" width=\"1024\" height=\"639\" src=\"https:\/\/2cvcharlieu.fr\/wp-content\/uploads\/2025\/09\/IMG_7108-2-1024x639.jpg\" alt=\"\" class=\"wp-image-3643\" style=\"aspect-ratio:1.6025772441060184;width:198px;height:auto\" srcset=\"https:\/\/2cvcharlieu.fr\/wp-content\/uploads\/2025\/09\/IMG_7108-2-1024x639.jpg 1024w, https:\/\/2cvcharlieu.fr\/wp-content\/uploads\/2025\/09\/IMG_7108-2-300x187.jpg 300w, https:\/\/2cvcharlieu.fr\/wp-content\/uploads\/2025\/09\/IMG_7108-2-768x480.jpg 768w, https:\/\/2cvcharlieu.fr\/wp-content\/uploads\/2025\/09\/IMG_7108-2-1536x959.jpg 1536w, https:\/\/2cvcharlieu.fr\/wp-content\/uploads\/2025\/09\/IMG_7108-2-1200x749.jpg 1200w, https:\/\/2cvcharlieu.fr\/wp-content\/uploads\/2025\/09\/IMG_7108-2-1980x1237.jpg 1980w, https:\/\/2cvcharlieu.fr\/wp-content\/uploads\/2025\/09\/IMG_7108-2.jpg 2016w\" sizes=\"auto, (max-width: 1024px) 100vw, 1024px\" \/><\/figure>\n<\/div>\n\n\n<p class=\"has-text-align-center\"><strong>STATION OZO 42120 Le COTEAU<\/strong><\/p>\n\n\n<div class=\"wp-block-image\">\n<figure class=\"aligncenter size-large is-resized\"><img loading=\"lazy\" decoding=\"async\" width=\"1024\" height=\"609\" src=\"https:\/\/2cvcharlieu.fr\/wp-content\/uploads\/2025\/09\/IMG_7111-1-1024x609.jpg\" alt=\"\" class=\"wp-image-3642\" style=\"aspect-ratio:1.681503738383062;width:162px;height:auto\" srcset=\"https:\/\/2cvcharlieu.fr\/wp-content\/uploads\/2025\/09\/IMG_7111-1-1024x609.jpg 1024w, https:\/\/2cvcharlieu.fr\/wp-content\/uploads\/2025\/09\/IMG_7111-1-300x178.jpg 300w, https:\/\/2cvcharlieu.fr\/wp-content\/uploads\/2025\/09\/IMG_7111-1-768x457.jpg 768w, https:\/\/2cvcharlieu.fr\/wp-content\/uploads\/2025\/09\/IMG_7111-1-1536x914.jpg 1536w, https:\/\/2cvcharlieu.fr\/wp-content\/uploads\/2025\/09\/IMG_7111-1-1200x714.jpg 1200w, https:\/\/2cvcharlieu.fr\/wp-content\/uploads\/2025\/09\/IMG_7111-1-1980x1178.jpg 1980w, https:\/\/2cvcharlieu.fr\/wp-content\/uploads\/2025\/09\/IMG_7111-1.jpg 2016w\" sizes=\"auto, (max-width: 1024px) 100vw, 1024px\" \/><\/figure>\n<\/div>\n\n\n<p class=\"has-text-align-center\">Organis\u00e9 par <strong>Marcel et <\/strong>Patricia<\/p>\n\n\n<div class=\"wp-block-image\">\n<figure class=\"aligncenter size-large is-resized\"><img loading=\"lazy\" decoding=\"async\" width=\"1024\" height=\"738\" src=\"https:\/\/2cvcharlieu.fr\/wp-content\/uploads\/2025\/01\/IMG_9206-1024x738.jpg\" alt=\"\" class=\"wp-image-2335\" style=\"aspect-ratio:1.3879100027107618;width:58px;height:auto\" srcset=\"https:\/\/2cvcharlieu.fr\/wp-content\/uploads\/2025\/01\/IMG_9206-1024x738.jpg 1024w, https:\/\/2cvcharlieu.fr\/wp-content\/uploads\/2025\/01\/IMG_9206-300x216.jpg 300w, https:\/\/2cvcharlieu.fr\/wp-content\/uploads\/2025\/01\/IMG_9206-768x553.jpg 768w, https:\/\/2cvcharlieu.fr\/wp-content\/uploads\/2025\/01\/IMG_9206-1200x864.jpg 1200w, https:\/\/2cvcharlieu.fr\/wp-content\/uploads\/2025\/01\/IMG_9206.jpg 1280w\" sizes=\"auto, (max-width: 1024px) 100vw, 1024px\" \/><\/figure>\n<\/div>\n\n<div class=\"wp-block-image\">\n<figure class=\"alignleft size-large is-resized\"><img loading=\"lazy\" decoding=\"async\" width=\"1024\" height=\"579\" src=\"https:\/\/2cvcharlieu.fr\/wp-content\/uploads\/2025\/10\/preview-1-1024x579.jpeg\" alt=\"\" class=\"wp-image-3713\" style=\"aspect-ratio:1.7687481326561099;width:191px;height:auto\" srcset=\"https:\/\/2cvcharlieu.fr\/wp-content\/uploads\/2025\/10\/preview-1-1024x579.jpeg 1024w, https:\/\/2cvcharlieu.fr\/wp-content\/uploads\/2025\/10\/preview-1-300x170.jpeg 300w, https:\/\/2cvcharlieu.fr\/wp-content\/uploads\/2025\/10\/preview-1-768x434.jpeg 768w, https:\/\/2cvcharlieu.fr\/wp-content\/uploads\/2025\/10\/preview-1-1536x869.jpeg 1536w, https:\/\/2cvcharlieu.fr\/wp-content\/uploads\/2025\/10\/preview-1-2048x1158.jpeg 2048w, https:\/\/2cvcharlieu.fr\/wp-content\/uploads\/2025\/10\/preview-1-1200x679.jpeg 1200w, https:\/\/2cvcharlieu.fr\/wp-content\/uploads\/2025\/10\/preview-1-1980x1120.jpeg 1980w\" sizes=\"auto, (max-width: 1024px) 100vw, 1024px\" \/><\/figure>\n<\/div>\n\n<div class=\"wp-block-image\">\n<figure class=\"alignright size-large is-resized\"><img loading=\"lazy\" decoding=\"async\" width=\"1024\" height=\"683\" src=\"https:\/\/2cvcharlieu.fr\/wp-content\/uploads\/2025\/10\/preview-17-1-1024x683.jpeg\" alt=\"\" class=\"wp-image-3715\" style=\"aspect-ratio:1.4994068801897984;width:178px;height:auto\" srcset=\"https:\/\/2cvcharlieu.fr\/wp-content\/uploads\/2025\/10\/preview-17-1-1024x683.jpeg 1024w, https:\/\/2cvcharlieu.fr\/wp-content\/uploads\/2025\/10\/preview-17-1-300x200.jpeg 300w, https:\/\/2cvcharlieu.fr\/wp-content\/uploads\/2025\/10\/preview-17-1-768x512.jpeg 768w, https:\/\/2cvcharlieu.fr\/wp-content\/uploads\/2025\/10\/preview-17-1-1536x1024.jpeg 1536w, https:\/\/2cvcharlieu.fr\/wp-content\/uploads\/2025\/10\/preview-17-1-2048x1365.jpeg 2048w, https:\/\/2cvcharlieu.fr\/wp-content\/uploads\/2025\/10\/preview-17-1-1200x800.jpeg 1200w, https:\/\/2cvcharlieu.fr\/wp-content\/uploads\/2025\/10\/preview-17-1-1980x1320.jpeg 1980w\" sizes=\"auto, (max-width: 1024px) 100vw, 1024px\" \/><\/figure>\n<\/div>\n\n\n<p class=\"has-text-align-center\"><strong>Samedi 13 septembre 2025<\/strong> \u00e0 Charlieu (42) <strong>6\u00e8me<\/strong> <strong>Handi Deuch<\/strong><\/p>\n\n\n<div class=\"wp-block-image\">\n<figure class=\"aligncenter size-full is-resized\"><img loading=\"lazy\" decoding=\"async\" width=\"867\" height=\"501\" src=\"https:\/\/2cvcharlieu.fr\/wp-content\/uploads\/2025\/08\/Website-small-1024x548-1.jpg\" alt=\"\" class=\"wp-image-3493\" style=\"aspect-ratio:1.7305890702625977;width:177px;height:auto\" srcset=\"https:\/\/2cvcharlieu.fr\/wp-content\/uploads\/2025\/08\/Website-small-1024x548-1.jpg 867w, https:\/\/2cvcharlieu.fr\/wp-content\/uploads\/2025\/08\/Website-small-1024x548-1-300x173.jpg 300w, https:\/\/2cvcharlieu.fr\/wp-content\/uploads\/2025\/08\/Website-small-1024x548-1-768x444.jpg 768w\" sizes=\"auto, (max-width: 867px) 100vw, 867px\" \/><\/figure>\n<\/div>\n\n\n<p class=\"has-text-align-center\">Organis\u00e9 par <strong>Lo\u00efc<\/strong> et l&rsquo;ADAPEI<\/p>\n\n\n<div class=\"wp-block-image\">\n<figure class=\"aligncenter size-large is-resized\"><img loading=\"lazy\" decoding=\"async\" width=\"1024\" height=\"738\" src=\"https:\/\/2cvcharlieu.fr\/wp-content\/uploads\/2025\/01\/IMG_9206-1-1024x738.jpg\" alt=\"\" class=\"wp-image-2468\" style=\"aspect-ratio:1.3877360690137561;width:53px;height:auto\" srcset=\"https:\/\/2cvcharlieu.fr\/wp-content\/uploads\/2025\/01\/IMG_9206-1-1024x738.jpg 1024w, https:\/\/2cvcharlieu.fr\/wp-content\/uploads\/2025\/01\/IMG_9206-1-300x216.jpg 300w, https:\/\/2cvcharlieu.fr\/wp-content\/uploads\/2025\/01\/IMG_9206-1-768x553.jpg 768w, https:\/\/2cvcharlieu.fr\/wp-content\/uploads\/2025\/01\/IMG_9206-1-1200x864.jpg 1200w, https:\/\/2cvcharlieu.fr\/wp-content\/uploads\/2025\/01\/IMG_9206-1.jpg 1280w\" sizes=\"auto, (max-width: 1024px) 100vw, 1024px\" \/><\/figure>\n<\/div>\n\n<div class=\"wp-block-image\">\n<figure class=\"alignleft size-large is-resized\"><img loading=\"lazy\" decoding=\"async\" width=\"1024\" height=\"768\" src=\"https:\/\/2cvcharlieu.fr\/wp-content\/uploads\/2025\/10\/20250928_145648-1024x768.jpg\" alt=\"\" class=\"wp-image-3718\" style=\"width:142px;height:auto\" srcset=\"https:\/\/2cvcharlieu.fr\/wp-content\/uploads\/2025\/10\/20250928_145648-1024x768.jpg 1024w, https:\/\/2cvcharlieu.fr\/wp-content\/uploads\/2025\/10\/20250928_145648-300x225.jpg 300w, https:\/\/2cvcharlieu.fr\/wp-content\/uploads\/2025\/10\/20250928_145648-768x576.jpg 768w, https:\/\/2cvcharlieu.fr\/wp-content\/uploads\/2025\/10\/20250928_145648-1536x1152.jpg 1536w, https:\/\/2cvcharlieu.fr\/wp-content\/uploads\/2025\/10\/20250928_145648-2048x1536.jpg 2048w, https:\/\/2cvcharlieu.fr\/wp-content\/uploads\/2025\/10\/20250928_145648-1200x900.jpg 1200w, https:\/\/2cvcharlieu.fr\/wp-content\/uploads\/2025\/10\/20250928_145648-1980x1485.jpg 1980w\" sizes=\"auto, (max-width: 1024px) 100vw, 1024px\" \/><\/figure>\n<\/div>\n\n<div class=\"wp-block-image\">\n<figure class=\"alignright size-large is-resized\"><img loading=\"lazy\" decoding=\"async\" width=\"768\" height=\"1024\" src=\"https:\/\/2cvcharlieu.fr\/wp-content\/uploads\/2025\/10\/20250928_163849-768x1024.jpg\" alt=\"\" class=\"wp-image-3719\" style=\"aspect-ratio:0.7500357295983993;width:108px;height:auto\" srcset=\"https:\/\/2cvcharlieu.fr\/wp-content\/uploads\/2025\/10\/20250928_163849-768x1024.jpg 768w, https:\/\/2cvcharlieu.fr\/wp-content\/uploads\/2025\/10\/20250928_163849-225x300.jpg 225w, https:\/\/2cvcharlieu.fr\/wp-content\/uploads\/2025\/10\/20250928_163849-1152x1536.jpg 1152w, https:\/\/2cvcharlieu.fr\/wp-content\/uploads\/2025\/10\/20250928_163849-1536x2048.jpg 1536w, https:\/\/2cvcharlieu.fr\/wp-content\/uploads\/2025\/10\/20250928_163849-1200x1600.jpg 1200w, https:\/\/2cvcharlieu.fr\/wp-content\/uploads\/2025\/10\/20250928_163849-1980x2640.jpg 1980w, https:\/\/2cvcharlieu.fr\/wp-content\/uploads\/2025\/10\/20250928_163849-scaled.jpg 1920w\" sizes=\"auto, (max-width: 768px) 100vw, 768px\" \/><\/figure>\n<\/div>\n\n\n<p class=\"has-text-align-center\"><strong>Dimanche 28 septembre 2025 <\/strong>&#8211; <strong>Les Vieilles M\u00e9caniques \u00e0 Lantigni\u00e9 (69) dans le Beaujolais<\/strong>, organis\u00e9 par <strong>Albert et Josie<\/strong><\/p>\n\n\n<div class=\"wp-block-image\">\n<figure class=\"aligncenter size-large is-resized\"><img loading=\"lazy\" decoding=\"async\" width=\"1024\" height=\"469\" src=\"https:\/\/2cvcharlieu.fr\/wp-content\/uploads\/2025\/10\/556187238_122249368484162182_3747771728525006146_n-1024x469.jpg\" alt=\"\" class=\"wp-image-3743\" style=\"aspect-ratio:2.1835190535149263;width:204px;height:auto\" srcset=\"https:\/\/2cvcharlieu.fr\/wp-content\/uploads\/2025\/10\/556187238_122249368484162182_3747771728525006146_n-1024x469.jpg 1024w, https:\/\/2cvcharlieu.fr\/wp-content\/uploads\/2025\/10\/556187238_122249368484162182_3747771728525006146_n-300x138.jpg 300w, https:\/\/2cvcharlieu.fr\/wp-content\/uploads\/2025\/10\/556187238_122249368484162182_3747771728525006146_n-768x352.jpg 768w, https:\/\/2cvcharlieu.fr\/wp-content\/uploads\/2025\/10\/556187238_122249368484162182_3747771728525006146_n-1536x704.jpg 1536w, https:\/\/2cvcharlieu.fr\/wp-content\/uploads\/2025\/10\/556187238_122249368484162182_3747771728525006146_n-2048x939.jpg 2048w, https:\/\/2cvcharlieu.fr\/wp-content\/uploads\/2025\/10\/556187238_122249368484162182_3747771728525006146_n-1200x550.jpg 1200w, https:\/\/2cvcharlieu.fr\/wp-content\/uploads\/2025\/10\/556187238_122249368484162182_3747771728525006146_n-1980x908.jpg 1980w\" sizes=\"auto, (max-width: 1024px) 100vw, 1024px\" \/><\/figure>\n<\/div>\n\n<div class=\"wp-block-image\">\n<figure class=\"aligncenter size-full is-resized\"><img loading=\"lazy\" decoding=\"async\" width=\"800\" height=\"449\" src=\"https:\/\/2cvcharlieu.fr\/wp-content\/uploads\/2025\/01\/cette-citroen-2cv-de-type-azu-fut-commercialisee-de-1954-a-1977-1.webp\" alt=\"\" class=\"wp-image-2460\" style=\"aspect-ratio:1.7820823244552058;width:63px;height:auto\" srcset=\"https:\/\/2cvcharlieu.fr\/wp-content\/uploads\/2025\/01\/cette-citroen-2cv-de-type-azu-fut-commercialisee-de-1954-a-1977-1.webp 800w, https:\/\/2cvcharlieu.fr\/wp-content\/uploads\/2025\/01\/cette-citroen-2cv-de-type-azu-fut-commercialisee-de-1954-a-1977-1-300x168.webp 300w, https:\/\/2cvcharlieu.fr\/wp-content\/uploads\/2025\/01\/cette-citroen-2cv-de-type-azu-fut-commercialisee-de-1954-a-1977-1-768x431.webp 768w\" sizes=\"auto, (max-width: 800px) 100vw, 800px\" \/><\/figure>\n<\/div>\n\n<div class=\"wp-block-image\">\n<figure class=\"alignleft size-large is-resized\"><img loading=\"lazy\" decoding=\"async\" width=\"768\" height=\"1024\" src=\"https:\/\/2cvcharlieu.fr\/wp-content\/uploads\/2025\/10\/WhatsApp-Image-2025-10-19-a-15.39.58_524ad7d6-768x1024.jpg\" alt=\"\" class=\"wp-image-3767\" style=\"aspect-ratio:0.7501378929950359;width:107px;height:auto\" srcset=\"https:\/\/2cvcharlieu.fr\/wp-content\/uploads\/2025\/10\/WhatsApp-Image-2025-10-19-a-15.39.58_524ad7d6-768x1024.jpg 768w, https:\/\/2cvcharlieu.fr\/wp-content\/uploads\/2025\/10\/WhatsApp-Image-2025-10-19-a-15.39.58_524ad7d6-225x300.jpg 225w, https:\/\/2cvcharlieu.fr\/wp-content\/uploads\/2025\/10\/WhatsApp-Image-2025-10-19-a-15.39.58_524ad7d6-1152x1536.jpg 1152w, https:\/\/2cvcharlieu.fr\/wp-content\/uploads\/2025\/10\/WhatsApp-Image-2025-10-19-a-15.39.58_524ad7d6.jpg 1200w\" sizes=\"auto, (max-width: 768px) 100vw, 768px\" \/><\/figure>\n<\/div>\n\n<div class=\"wp-block-image\">\n<figure class=\"alignright size-large is-resized\"><img loading=\"lazy\" decoding=\"async\" width=\"1024\" height=\"567\" src=\"https:\/\/2cvcharlieu.fr\/wp-content\/uploads\/2025\/10\/WhatsApp-Image-2025-10-19-a-15.31.49_ead0aa73-1024x567.jpg\" alt=\"\" class=\"wp-image-3768\" style=\"aspect-ratio:1.80620884289746;width:200px;height:auto\" srcset=\"https:\/\/2cvcharlieu.fr\/wp-content\/uploads\/2025\/10\/WhatsApp-Image-2025-10-19-a-15.31.49_ead0aa73-1024x567.jpg 1024w, https:\/\/2cvcharlieu.fr\/wp-content\/uploads\/2025\/10\/WhatsApp-Image-2025-10-19-a-15.31.49_ead0aa73-300x166.jpg 300w, https:\/\/2cvcharlieu.fr\/wp-content\/uploads\/2025\/10\/WhatsApp-Image-2025-10-19-a-15.31.49_ead0aa73-768x425.jpg 768w, https:\/\/2cvcharlieu.fr\/wp-content\/uploads\/2025\/10\/WhatsApp-Image-2025-10-19-a-15.31.49_ead0aa73.jpg 1052w\" sizes=\"auto, (max-width: 1024px) 100vw, 1024px\" \/><\/figure>\n<\/div>\n\n\n<p class=\"has-text-align-center\"><strong>Samedi 18 et Dimanche 19 octobre 2025<\/strong> Mus\u00e9e <strong>MICHELIN<\/strong> \u00e0 Clermont-Ferrand (63) <strong>(Nouvelles dates)<\/strong>.<\/p>\n\n\n<div class=\"wp-block-image\">\n<figure class=\"aligncenter size-large is-resized\"><img loading=\"lazy\" decoding=\"async\" width=\"1024\" height=\"546\" src=\"https:\/\/2cvcharlieu.fr\/wp-content\/uploads\/2025\/10\/WhatsApp-Image-2025-10-19-a-15.05.57_028d87f6-1024x546.jpg\" alt=\"\" class=\"wp-image-3766\" style=\"aspect-ratio:1.8755027772457384;width:169px;height:auto\" srcset=\"https:\/\/2cvcharlieu.fr\/wp-content\/uploads\/2025\/10\/WhatsApp-Image-2025-10-19-a-15.05.57_028d87f6-1024x546.jpg 1024w, https:\/\/2cvcharlieu.fr\/wp-content\/uploads\/2025\/10\/WhatsApp-Image-2025-10-19-a-15.05.57_028d87f6-300x160.jpg 300w, https:\/\/2cvcharlieu.fr\/wp-content\/uploads\/2025\/10\/WhatsApp-Image-2025-10-19-a-15.05.57_028d87f6-768x409.jpg 768w, https:\/\/2cvcharlieu.fr\/wp-content\/uploads\/2025\/10\/WhatsApp-Image-2025-10-19-a-15.05.57_028d87f6-1536x819.jpg 1536w, https:\/\/2cvcharlieu.fr\/wp-content\/uploads\/2025\/10\/WhatsApp-Image-2025-10-19-a-15.05.57_028d87f6-1200x640.jpg 1200w, https:\/\/2cvcharlieu.fr\/wp-content\/uploads\/2025\/10\/WhatsApp-Image-2025-10-19-a-15.05.57_028d87f6.jpg 1600w\" sizes=\"auto, (max-width: 1024px) 100vw, 1024px\" \/><\/figure>\n<\/div>\n\n\n<p class=\"has-text-align-center\"><strong>16 personnes pendant ce week-end en Auvergne<\/strong><\/p>\n\n\n\n<p class=\"has-text-align-center\">Organis\u00e9 par <strong>Nicole et Christian<\/strong><\/p>\n\n\n<div class=\"wp-block-image\">\n<figure class=\"aligncenter size-large is-resized\"><img loading=\"lazy\" decoding=\"async\" width=\"1024\" height=\"308\" src=\"https:\/\/2cvcharlieu.fr\/wp-content\/uploads\/2025\/01\/DLEDMV-2K18-GSS-avril-2CV-tricolores-001-2-1024x308.png\" alt=\"\" class=\"wp-image-2336\" style=\"aspect-ratio:3.326207150755621;width:99px;height:auto\" srcset=\"https:\/\/2cvcharlieu.fr\/wp-content\/uploads\/2025\/01\/DLEDMV-2K18-GSS-avril-2CV-tricolores-001-2-1024x308.png 1024w, https:\/\/2cvcharlieu.fr\/wp-content\/uploads\/2025\/01\/DLEDMV-2K18-GSS-avril-2CV-tricolores-001-2-300x90.png 300w, https:\/\/2cvcharlieu.fr\/wp-content\/uploads\/2025\/01\/DLEDMV-2K18-GSS-avril-2CV-tricolores-001-2-768x231.png 768w, https:\/\/2cvcharlieu.fr\/wp-content\/uploads\/2025\/01\/DLEDMV-2K18-GSS-avril-2CV-tricolores-001-2.png 1046w\" sizes=\"auto, (max-width: 1024px) 100vw, 1024px\" \/><\/figure>\n<\/div>\n\n<div class=\"wp-block-image\">\n<figure class=\"aligncenter size-full is-resized\"><img loading=\"lazy\" decoding=\"async\" width=\"569\" height=\"584\" src=\"https:\/\/2cvcharlieu.fr\/wp-content\/uploads\/2025\/11\/2cv-club-Rouge-6.jpg\" alt=\"\" class=\"wp-image-3831\" style=\"aspect-ratio:0.9745081266039349;width:35px;height:auto\" srcset=\"https:\/\/2cvcharlieu.fr\/wp-content\/uploads\/2025\/11\/2cv-club-Rouge-6.jpg 569w, https:\/\/2cvcharlieu.fr\/wp-content\/uploads\/2025\/11\/2cv-club-Rouge-6-292x300.jpg 292w\" sizes=\"auto, (max-width: 569px) 100vw, 569px\" \/><\/figure>\n<\/div>\n\n<div class=\"wp-block-image\">\n<figure class=\"alignright size-large is-resized\"><img loading=\"lazy\" decoding=\"async\" width=\"1024\" height=\"724\" src=\"https:\/\/2cvcharlieu.fr\/wp-content\/uploads\/2025\/01\/280104233_10229234133422183_7303427372667593040_n-1-1024x724.jpg\" alt=\"\" class=\"wp-image-2337\" style=\"width:114px;height:auto\" srcset=\"https:\/\/2cvcharlieu.fr\/wp-content\/uploads\/2025\/01\/280104233_10229234133422183_7303427372667593040_n-1-1024x724.jpg 1024w, https:\/\/2cvcharlieu.fr\/wp-content\/uploads\/2025\/01\/280104233_10229234133422183_7303427372667593040_n-1-300x212.jpg 300w, https:\/\/2cvcharlieu.fr\/wp-content\/uploads\/2025\/01\/280104233_10229234133422183_7303427372667593040_n-1-768x543.jpg 768w, https:\/\/2cvcharlieu.fr\/wp-content\/uploads\/2025\/01\/280104233_10229234133422183_7303427372667593040_n-1-1536x1086.jpg 1536w, https:\/\/2cvcharlieu.fr\/wp-content\/uploads\/2025\/01\/280104233_10229234133422183_7303427372667593040_n-1-1200x848.jpg 1200w, https:\/\/2cvcharlieu.fr\/wp-content\/uploads\/2025\/01\/280104233_10229234133422183_7303427372667593040_n-1-1980x1400.jpg 1980w, https:\/\/2cvcharlieu.fr\/wp-content\/uploads\/2025\/01\/280104233_10229234133422183_7303427372667593040_n-1.jpg 2048w\" sizes=\"auto, (max-width: 1024px) 100vw, 1024px\" \/><\/figure>\n<\/div>\n\n\n<p class=\"has-text-align-center\"><strong>vendredi 7 novembre 2025 des adh\u00e9rents pr\u00e9sents \u00e0 la 46\u00e8me Edition ) LYON Eurexpo<\/strong><\/p>\n\n\n<div class=\"wp-block-image\">\n<figure class=\"aligncenter size-large is-resized\"><img loading=\"lazy\" decoding=\"async\" width=\"1024\" height=\"433\" src=\"https:\/\/2cvcharlieu.fr\/wp-content\/uploads\/2025\/04\/unnamed-Epoquauto-1024x433.png\" alt=\"\" class=\"wp-image-2974\" style=\"aspect-ratio:2.3650075414781297;width:162px;height:auto\" srcset=\"https:\/\/2cvcharlieu.fr\/wp-content\/uploads\/2025\/04\/unnamed-Epoquauto-1024x433.png 1024w, https:\/\/2cvcharlieu.fr\/wp-content\/uploads\/2025\/04\/unnamed-Epoquauto-300x127.png 300w, https:\/\/2cvcharlieu.fr\/wp-content\/uploads\/2025\/04\/unnamed-Epoquauto-768x325.png 768w, https:\/\/2cvcharlieu.fr\/wp-content\/uploads\/2025\/04\/unnamed-Epoquauto-1200x507.png 1200w, https:\/\/2cvcharlieu.fr\/wp-content\/uploads\/2025\/04\/unnamed-Epoquauto.png 1400w\" sizes=\"auto, (max-width: 1024px) 100vw, 1024px\" \/><\/figure>\n<\/div>\n\n\n<p class=\"has-text-align-center\"><\/p>\n\n\n\n<p class=\"has-text-align-center\"><strong>GRAND EVENEMENT EFFECTUE PAR LE 2cv CLUB CHARLIENDIN en 2023\/2024\/2025<\/strong><\/p>\n\n\n<div class=\"wp-block-image\">\n<figure class=\"aligncenter size-full is-resized\"><img loading=\"lazy\" decoding=\"async\" width=\"569\" height=\"584\" src=\"https:\/\/2cvcharlieu.fr\/wp-content\/uploads\/2025\/11\/2cv-club-Rouge-7.jpg\" alt=\"\" class=\"wp-image-3832\" style=\"aspect-ratio:0.9744597249508841;width:47px;height:auto\" srcset=\"https:\/\/2cvcharlieu.fr\/wp-content\/uploads\/2025\/11\/2cv-club-Rouge-7.jpg 569w, https:\/\/2cvcharlieu.fr\/wp-content\/uploads\/2025\/11\/2cv-club-Rouge-7-292x300.jpg 292w\" sizes=\"auto, (max-width: 569px) 100vw, 569px\" \/><\/figure>\n<\/div>\n\n\n<p class=\"has-text-align-center\"><strong>Le 2cv Club Charliendin au Mondial en Slov\u00e9nie \u00e0 Postojna fin juillet d\u00e9but ao\u00fbt 2025<\/strong><\/p>\n\n\n<div class=\"wp-block-image\">\n<figure class=\"alignleft size-full is-resized\"><img loading=\"lazy\" decoding=\"async\" width=\"449\" height=\"449\" src=\"https:\/\/2cvcharlieu.fr\/wp-content\/uploads\/2025\/08\/474488133_1082323913698777_7440634598947029243_n-1.jpg\" alt=\"\" class=\"wp-image-3595\" style=\"width:87px;height:auto\" srcset=\"https:\/\/2cvcharlieu.fr\/wp-content\/uploads\/2025\/08\/474488133_1082323913698777_7440634598947029243_n-1.jpg 449w, https:\/\/2cvcharlieu.fr\/wp-content\/uploads\/2025\/08\/474488133_1082323913698777_7440634598947029243_n-1-300x300.jpg 300w, https:\/\/2cvcharlieu.fr\/wp-content\/uploads\/2025\/08\/474488133_1082323913698777_7440634598947029243_n-1-150x150.jpg 150w\" sizes=\"auto, (max-width: 449px) 100vw, 449px\" \/><\/figure>\n<\/div>\n\n<div class=\"wp-block-image\">\n<figure class=\"alignright size-large is-resized\"><img loading=\"lazy\" decoding=\"async\" width=\"1024\" height=\"603\" src=\"https:\/\/2cvcharlieu.fr\/wp-content\/uploads\/2025\/08\/IMG_6320-1024x603.jpg\" alt=\"\" class=\"wp-image-3596\" style=\"aspect-ratio:1.698316142114079;width:173px;height:auto\" srcset=\"https:\/\/2cvcharlieu.fr\/wp-content\/uploads\/2025\/08\/IMG_6320-1024x603.jpg 1024w, https:\/\/2cvcharlieu.fr\/wp-content\/uploads\/2025\/08\/IMG_6320-300x177.jpg 300w, https:\/\/2cvcharlieu.fr\/wp-content\/uploads\/2025\/08\/IMG_6320-768x453.jpg 768w, https:\/\/2cvcharlieu.fr\/wp-content\/uploads\/2025\/08\/IMG_6320-1536x905.jpg 1536w, https:\/\/2cvcharlieu.fr\/wp-content\/uploads\/2025\/08\/IMG_6320-1200x707.jpg 1200w, https:\/\/2cvcharlieu.fr\/wp-content\/uploads\/2025\/08\/IMG_6320-1980x1167.jpg 1980w, https:\/\/2cvcharlieu.fr\/wp-content\/uploads\/2025\/08\/IMG_6320.jpg 2016w\" sizes=\"auto, (max-width: 1024px) 100vw, 1024px\" \/><\/figure>\n<\/div>\n\n<div class=\"wp-block-image\">\n<figure class=\"aligncenter size-large is-resized\"><img loading=\"lazy\" decoding=\"async\" width=\"1024\" height=\"560\" src=\"https:\/\/2cvcharlieu.fr\/wp-content\/uploads\/2025\/08\/20250730_161058-1-1024x560.jpg\" alt=\"\" class=\"wp-image-3594\" style=\"aspect-ratio:1.828718609143593;width:193px;height:auto\" srcset=\"https:\/\/2cvcharlieu.fr\/wp-content\/uploads\/2025\/08\/20250730_161058-1-1024x560.jpg 1024w, https:\/\/2cvcharlieu.fr\/wp-content\/uploads\/2025\/08\/20250730_161058-1-300x164.jpg 300w, https:\/\/2cvcharlieu.fr\/wp-content\/uploads\/2025\/08\/20250730_161058-1-768x420.jpg 768w, https:\/\/2cvcharlieu.fr\/wp-content\/uploads\/2025\/08\/20250730_161058-1-1200x656.jpg 1200w, https:\/\/2cvcharlieu.fr\/wp-content\/uploads\/2025\/08\/20250730_161058-1.jpg 1280w\" sizes=\"auto, (max-width: 1024px) 100vw, 1024px\" \/><\/figure>\n<\/div>\n\n<div class=\"wp-block-image\">\n<figure class=\"alignleft size-large is-resized\"><img loading=\"lazy\" decoding=\"async\" width=\"1024\" height=\"688\" src=\"https:\/\/2cvcharlieu.fr\/wp-content\/uploads\/2025\/08\/IMG_6300-1024x688.jpg\" alt=\"\" class=\"wp-image-3597\" style=\"aspect-ratio:1.4885022296056658;width:130px;height:auto\" srcset=\"https:\/\/2cvcharlieu.fr\/wp-content\/uploads\/2025\/08\/IMG_6300-1024x688.jpg 1024w, https:\/\/2cvcharlieu.fr\/wp-content\/uploads\/2025\/08\/IMG_6300-300x202.jpg 300w, https:\/\/2cvcharlieu.fr\/wp-content\/uploads\/2025\/08\/IMG_6300-768x516.jpg 768w, https:\/\/2cvcharlieu.fr\/wp-content\/uploads\/2025\/08\/IMG_6300-1536x1032.jpg 1536w, https:\/\/2cvcharlieu.fr\/wp-content\/uploads\/2025\/08\/IMG_6300-1200x806.jpg 1200w, https:\/\/2cvcharlieu.fr\/wp-content\/uploads\/2025\/08\/IMG_6300.jpg 1908w\" sizes=\"auto, (max-width: 1024px) 100vw, 1024px\" \/><\/figure>\n<\/div>\n\n<div class=\"wp-block-image\">\n<figure class=\"alignright size-large is-resized\"><img loading=\"lazy\" decoding=\"async\" width=\"1024\" height=\"625\" src=\"https:\/\/2cvcharlieu.fr\/wp-content\/uploads\/2025\/08\/IMG_6332-1024x625.jpg\" alt=\"\" class=\"wp-image-3601\" style=\"aspect-ratio:1.6384708527936342;width:167px;height:auto\" srcset=\"https:\/\/2cvcharlieu.fr\/wp-content\/uploads\/2025\/08\/IMG_6332-1024x625.jpg 1024w, https:\/\/2cvcharlieu.fr\/wp-content\/uploads\/2025\/08\/IMG_6332-300x183.jpg 300w, https:\/\/2cvcharlieu.fr\/wp-content\/uploads\/2025\/08\/IMG_6332-768x469.jpg 768w, https:\/\/2cvcharlieu.fr\/wp-content\/uploads\/2025\/08\/IMG_6332-1536x938.jpg 1536w, https:\/\/2cvcharlieu.fr\/wp-content\/uploads\/2025\/08\/IMG_6332-1200x732.jpg 1200w, https:\/\/2cvcharlieu.fr\/wp-content\/uploads\/2025\/08\/IMG_6332.jpg 1943w\" sizes=\"auto, (max-width: 1024px) 100vw, 1024px\" \/><\/figure>\n<\/div>\n\n<div class=\"wp-block-image\">\n<figure class=\"aligncenter size-large is-resized\"><img loading=\"lazy\" decoding=\"async\" width=\"1024\" height=\"716\" src=\"https:\/\/2cvcharlieu.fr\/wp-content\/uploads\/2025\/08\/IMG_6324-1024x716.jpg\" alt=\"\" class=\"wp-image-3598\" style=\"aspect-ratio:1.4303195105370496;width:153px;height:auto\" srcset=\"https:\/\/2cvcharlieu.fr\/wp-content\/uploads\/2025\/08\/IMG_6324-1024x716.jpg 1024w, https:\/\/2cvcharlieu.fr\/wp-content\/uploads\/2025\/08\/IMG_6324-300x210.jpg 300w, https:\/\/2cvcharlieu.fr\/wp-content\/uploads\/2025\/08\/IMG_6324-768x537.jpg 768w, https:\/\/2cvcharlieu.fr\/wp-content\/uploads\/2025\/08\/IMG_6324-1536x1074.jpg 1536w, https:\/\/2cvcharlieu.fr\/wp-content\/uploads\/2025\/08\/IMG_6324-1200x839.jpg 1200w, https:\/\/2cvcharlieu.fr\/wp-content\/uploads\/2025\/08\/IMG_6324.jpg 1732w\" sizes=\"auto, (max-width: 1024px) 100vw, 1024px\" \/><\/figure>\n<\/div>\n\n<div class=\"wp-block-image\">\n<figure class=\"alignleft size-large is-resized\"><img loading=\"lazy\" decoding=\"async\" width=\"1024\" height=\"654\" src=\"https:\/\/2cvcharlieu.fr\/wp-content\/uploads\/2025\/08\/IMG_6303-1024x654.jpg\" alt=\"\" class=\"wp-image-3602\" style=\"aspect-ratio:1.5658982166159199;width:125px;height:auto\" srcset=\"https:\/\/2cvcharlieu.fr\/wp-content\/uploads\/2025\/08\/IMG_6303-1024x654.jpg 1024w, https:\/\/2cvcharlieu.fr\/wp-content\/uploads\/2025\/08\/IMG_6303-300x192.jpg 300w, https:\/\/2cvcharlieu.fr\/wp-content\/uploads\/2025\/08\/IMG_6303-768x490.jpg 768w, https:\/\/2cvcharlieu.fr\/wp-content\/uploads\/2025\/08\/IMG_6303-1536x981.jpg 1536w, https:\/\/2cvcharlieu.fr\/wp-content\/uploads\/2025\/08\/IMG_6303-1200x766.jpg 1200w, https:\/\/2cvcharlieu.fr\/wp-content\/uploads\/2025\/08\/IMG_6303-1980x1264.jpg 1980w, https:\/\/2cvcharlieu.fr\/wp-content\/uploads\/2025\/08\/IMG_6303.jpg 2016w\" sizes=\"auto, (max-width: 1024px) 100vw, 1024px\" \/><\/figure>\n<\/div>\n\n<div class=\"wp-block-image\">\n<figure class=\"alignright size-large is-resized\"><img loading=\"lazy\" decoding=\"async\" width=\"1024\" height=\"721\" src=\"https:\/\/2cvcharlieu.fr\/wp-content\/uploads\/2025\/08\/IMG_6317-1024x721.jpg\" alt=\"\" class=\"wp-image-3611\" style=\"aspect-ratio:1.4204685573366214;width:112px;height:auto\" srcset=\"https:\/\/2cvcharlieu.fr\/wp-content\/uploads\/2025\/08\/IMG_6317-1024x721.jpg 1024w, https:\/\/2cvcharlieu.fr\/wp-content\/uploads\/2025\/08\/IMG_6317-300x211.jpg 300w, https:\/\/2cvcharlieu.fr\/wp-content\/uploads\/2025\/08\/IMG_6317-768x541.jpg 768w, https:\/\/2cvcharlieu.fr\/wp-content\/uploads\/2025\/08\/IMG_6317-1536x1082.jpg 1536w, https:\/\/2cvcharlieu.fr\/wp-content\/uploads\/2025\/08\/IMG_6317-1200x845.jpg 1200w, https:\/\/2cvcharlieu.fr\/wp-content\/uploads\/2025\/08\/IMG_6317-1980x1395.jpg 1980w, https:\/\/2cvcharlieu.fr\/wp-content\/uploads\/2025\/08\/IMG_6317.jpg 2016w\" sizes=\"auto, (max-width: 1024px) 100vw, 1024px\" \/><\/figure>\n<\/div>\n\n<div class=\"wp-block-image\">\n<figure class=\"aligncenter size-large is-resized\"><img loading=\"lazy\" decoding=\"async\" width=\"1024\" height=\"427\" src=\"https:\/\/2cvcharlieu.fr\/wp-content\/uploads\/2025\/08\/IMG_6373-1-1024x427.jpg\" alt=\"\" class=\"wp-image-3610\" style=\"aspect-ratio:2.3982675830901043;width:182px;height:auto\" srcset=\"https:\/\/2cvcharlieu.fr\/wp-content\/uploads\/2025\/08\/IMG_6373-1-1024x427.jpg 1024w, https:\/\/2cvcharlieu.fr\/wp-content\/uploads\/2025\/08\/IMG_6373-1-300x125.jpg 300w, https:\/\/2cvcharlieu.fr\/wp-content\/uploads\/2025\/08\/IMG_6373-1-768x320.jpg 768w, https:\/\/2cvcharlieu.fr\/wp-content\/uploads\/2025\/08\/IMG_6373-1-1536x640.jpg 1536w, https:\/\/2cvcharlieu.fr\/wp-content\/uploads\/2025\/08\/IMG_6373-1-1200x500.jpg 1200w, https:\/\/2cvcharlieu.fr\/wp-content\/uploads\/2025\/08\/IMG_6373-1.jpg 1848w\" sizes=\"auto, (max-width: 1024px) 100vw, 1024px\" \/><\/figure>\n<\/div>\n\n<div class=\"wp-block-image\">\n<figure class=\"alignleft size-large is-resized\"><img loading=\"lazy\" decoding=\"async\" width=\"1024\" height=\"639\" src=\"https:\/\/2cvcharlieu.fr\/wp-content\/uploads\/2025\/08\/IMG_6331-1024x639.jpg\" alt=\"\" class=\"wp-image-3600\" style=\"aspect-ratio:1.6025604819730772;width:142px;height:auto\" srcset=\"https:\/\/2cvcharlieu.fr\/wp-content\/uploads\/2025\/08\/IMG_6331-1024x639.jpg 1024w, https:\/\/2cvcharlieu.fr\/wp-content\/uploads\/2025\/08\/IMG_6331-300x187.jpg 300w, https:\/\/2cvcharlieu.fr\/wp-content\/uploads\/2025\/08\/IMG_6331-768x479.jpg 768w, https:\/\/2cvcharlieu.fr\/wp-content\/uploads\/2025\/08\/IMG_6331-1536x958.jpg 1536w, https:\/\/2cvcharlieu.fr\/wp-content\/uploads\/2025\/08\/IMG_6331-1200x749.jpg 1200w, https:\/\/2cvcharlieu.fr\/wp-content\/uploads\/2025\/08\/IMG_6331-1980x1236.jpg 1980w, https:\/\/2cvcharlieu.fr\/wp-content\/uploads\/2025\/08\/IMG_6331.jpg 2016w\" sizes=\"auto, (max-width: 1024px) 100vw, 1024px\" \/><\/figure>\n<\/div>\n\n<div class=\"wp-block-image\">\n<figure class=\"alignright size-large is-resized\"><img loading=\"lazy\" decoding=\"async\" width=\"1024\" height=\"768\" src=\"https:\/\/2cvcharlieu.fr\/wp-content\/uploads\/2025\/08\/IMG_6305-1024x768.jpg\" alt=\"\" class=\"wp-image-3599\" style=\"width:125px;height:auto\" srcset=\"https:\/\/2cvcharlieu.fr\/wp-content\/uploads\/2025\/08\/IMG_6305-1024x768.jpg 1024w, https:\/\/2cvcharlieu.fr\/wp-content\/uploads\/2025\/08\/IMG_6305-300x225.jpg 300w, https:\/\/2cvcharlieu.fr\/wp-content\/uploads\/2025\/08\/IMG_6305-768x576.jpg 768w, https:\/\/2cvcharlieu.fr\/wp-content\/uploads\/2025\/08\/IMG_6305-1536x1152.jpg 1536w, https:\/\/2cvcharlieu.fr\/wp-content\/uploads\/2025\/08\/IMG_6305-1200x900.jpg 1200w, https:\/\/2cvcharlieu.fr\/wp-content\/uploads\/2025\/08\/IMG_6305-1980x1485.jpg 1980w, https:\/\/2cvcharlieu.fr\/wp-content\/uploads\/2025\/08\/IMG_6305.jpg 2016w\" sizes=\"auto, (max-width: 1024px) 100vw, 1024px\" \/><\/figure>\n<\/div>\n\n<div class=\"wp-block-image\">\n<figure class=\"aligncenter size-full is-resized\"><img loading=\"lazy\" decoding=\"async\" width=\"657\" height=\"395\" src=\"https:\/\/2cvcharlieu.fr\/wp-content\/uploads\/2025\/08\/2000007459917.webp\" alt=\"\" class=\"wp-image-3616\" style=\"aspect-ratio:1.6634672555848127;width:174px;height:auto\" srcset=\"https:\/\/2cvcharlieu.fr\/wp-content\/uploads\/2025\/08\/2000007459917.webp 657w, https:\/\/2cvcharlieu.fr\/wp-content\/uploads\/2025\/08\/2000007459917-300x180.webp 300w\" sizes=\"auto, (max-width: 657px) 100vw, 657px\" \/><\/figure>\n<\/div>\n\n<div class=\"wp-block-image\">\n<figure class=\"aligncenter size-full is-resized\"><img loading=\"lazy\" decoding=\"async\" width=\"569\" height=\"584\" src=\"https:\/\/2cvcharlieu.fr\/wp-content\/uploads\/2025\/11\/2cv-club-Rouge-8.jpg\" alt=\"\" class=\"wp-image-3833\" style=\"aspect-ratio:0.9743589743589743;width:51px;height:auto\" srcset=\"https:\/\/2cvcharlieu.fr\/wp-content\/uploads\/2025\/11\/2cv-club-Rouge-8.jpg 569w, https:\/\/2cvcharlieu.fr\/wp-content\/uploads\/2025\/11\/2cv-club-Rouge-8-292x300.jpg 292w\" sizes=\"auto, (max-width: 569px) 100vw, 569px\" \/><\/figure>\n<\/div>\n\n\n<p class=\"has-text-align-center\"><strong>Le 2cv Club au Nationale 2025 \u00e0 Agde (83) Var<\/strong><\/p>\n\n\n<div class=\"wp-block-image\">\n<figure class=\"alignright size-full is-resized\"><img loading=\"lazy\" decoding=\"async\" width=\"877\" height=\"630\" src=\"https:\/\/2cvcharlieu.fr\/wp-content\/uploads\/2025\/08\/Resized_20250526_180916.jpg\" alt=\"\" class=\"wp-image-3580\" style=\"aspect-ratio:1.392156862745098;width:120px;height:auto\" srcset=\"https:\/\/2cvcharlieu.fr\/wp-content\/uploads\/2025\/08\/Resized_20250526_180916.jpg 877w, https:\/\/2cvcharlieu.fr\/wp-content\/uploads\/2025\/08\/Resized_20250526_180916-300x216.jpg 300w, https:\/\/2cvcharlieu.fr\/wp-content\/uploads\/2025\/08\/Resized_20250526_180916-768x552.jpg 768w\" sizes=\"auto, (max-width: 877px) 100vw, 877px\" \/><\/figure>\n<\/div>\n\n<div class=\"wp-block-image\">\n<figure class=\"alignleft size-large is-resized\"><img loading=\"lazy\" decoding=\"async\" width=\"1024\" height=\"632\" src=\"https:\/\/2cvcharlieu.fr\/wp-content\/uploads\/2025\/08\/2017-06-18-rassemblement-VoutrC-139-G-BUARD-1024x632.jpg\" alt=\"\" class=\"wp-image-3585\" style=\"aspect-ratio:1.6204199258954302;width:123px;height:auto\" srcset=\"https:\/\/2cvcharlieu.fr\/wp-content\/uploads\/2025\/08\/2017-06-18-rassemblement-VoutrC-139-G-BUARD-1024x632.jpg 1024w, https:\/\/2cvcharlieu.fr\/wp-content\/uploads\/2025\/08\/2017-06-18-rassemblement-VoutrC-139-G-BUARD-300x185.jpg 300w, https:\/\/2cvcharlieu.fr\/wp-content\/uploads\/2025\/08\/2017-06-18-rassemblement-VoutrC-139-G-BUARD-768x474.jpg 768w, https:\/\/2cvcharlieu.fr\/wp-content\/uploads\/2025\/08\/2017-06-18-rassemblement-VoutrC-139-G-BUARD.jpg 1063w\" sizes=\"auto, (max-width: 1024px) 100vw, 1024px\" \/><\/figure>\n<\/div>\n\n<div class=\"wp-block-image\">\n<figure class=\"aligncenter size-large is-resized\"><img loading=\"lazy\" decoding=\"async\" width=\"1024\" height=\"573\" src=\"https:\/\/2cvcharlieu.fr\/wp-content\/uploads\/2025\/08\/20250530161741000000_rcnews_small_-1024x573.jpg\" alt=\"\" class=\"wp-image-3584\" style=\"aspect-ratio:1.7872340425531914;width:159px;height:auto\" srcset=\"https:\/\/2cvcharlieu.fr\/wp-content\/uploads\/2025\/08\/20250530161741000000_rcnews_small_-1024x573.jpg 1024w, https:\/\/2cvcharlieu.fr\/wp-content\/uploads\/2025\/08\/20250530161741000000_rcnews_small_-300x168.jpg 300w, https:\/\/2cvcharlieu.fr\/wp-content\/uploads\/2025\/08\/20250530161741000000_rcnews_small_-768x430.jpg 768w, https:\/\/2cvcharlieu.fr\/wp-content\/uploads\/2025\/08\/20250530161741000000_rcnews_small_.jpg 1200w\" sizes=\"auto, (max-width: 1024px) 100vw, 1024px\" \/><\/figure>\n<\/div>\n\n\n<p class=\"has-text-align-center\"><strong>Le 2cv Club au Nationale 2024 \u00e0 Brazey la Plaine en C\u00f4te d&rsquo;Or (21)<\/strong><\/p>\n\n\n<div class=\"wp-block-image\">\n<figure class=\"alignleft size-full is-resized\"><img loading=\"lazy\" decoding=\"async\" width=\"590\" height=\"337\" src=\"https:\/\/2cvcharlieu.fr\/wp-content\/uploads\/2024\/09\/IMG_9333.jpg\" alt=\"\" class=\"wp-image-1853\" style=\"aspect-ratio:1.7509694097371822;width:166px;height:auto\" srcset=\"https:\/\/2cvcharlieu.fr\/wp-content\/uploads\/2024\/09\/IMG_9333.jpg 590w, https:\/\/2cvcharlieu.fr\/wp-content\/uploads\/2024\/09\/IMG_9333-300x171.jpg 300w\" sizes=\"auto, (max-width: 590px) 100vw, 590px\" \/><\/figure>\n<\/div>\n\n<div class=\"wp-block-image\">\n<figure class=\"alignright size-large is-resized\"><img loading=\"lazy\" decoding=\"async\" width=\"1024\" height=\"515\" src=\"https:\/\/2cvcharlieu.fr\/wp-content\/uploads\/2024\/09\/438089616_122145683816162182_8541887678623469595_n-2-1024x515.jpg\" alt=\"\" class=\"wp-image-1854\" style=\"aspect-ratio:1.9884758784318157;width:204px;height:auto\" srcset=\"https:\/\/2cvcharlieu.fr\/wp-content\/uploads\/2024\/09\/438089616_122145683816162182_8541887678623469595_n-2-1024x515.jpg 1024w, https:\/\/2cvcharlieu.fr\/wp-content\/uploads\/2024\/09\/438089616_122145683816162182_8541887678623469595_n-2-300x151.jpg 300w, https:\/\/2cvcharlieu.fr\/wp-content\/uploads\/2024\/09\/438089616_122145683816162182_8541887678623469595_n-2-768x386.jpg 768w, https:\/\/2cvcharlieu.fr\/wp-content\/uploads\/2024\/09\/438089616_122145683816162182_8541887678623469595_n-2-1536x772.jpg 1536w, https:\/\/2cvcharlieu.fr\/wp-content\/uploads\/2024\/09\/438089616_122145683816162182_8541887678623469595_n-2-1200x603.jpg 1200w, https:\/\/2cvcharlieu.fr\/wp-content\/uploads\/2024\/09\/438089616_122145683816162182_8541887678623469595_n-2-1980x995.jpg 1980w, https:\/\/2cvcharlieu.fr\/wp-content\/uploads\/2024\/09\/438089616_122145683816162182_8541887678623469595_n-2.jpg 2048w\" sizes=\"auto, (max-width: 1024px) 100vw, 1024px\" \/><\/figure>\n<\/div>\n\n<div class=\"wp-block-image\">\n<figure class=\"aligncenter size-full is-resized\"><img loading=\"lazy\" decoding=\"async\" width=\"565\" height=\"800\" src=\"https:\/\/2cvcharlieu.fr\/wp-content\/uploads\/2024\/09\/29a-me-rencontre-nationale-brazey-en-plaine-jpeg.jpg\" alt=\"\" class=\"wp-image-1851\" style=\"aspect-ratio:0.7063076776710113;width:84px;height:auto\" srcset=\"https:\/\/2cvcharlieu.fr\/wp-content\/uploads\/2024\/09\/29a-me-rencontre-nationale-brazey-en-plaine-jpeg.jpg 565w, https:\/\/2cvcharlieu.fr\/wp-content\/uploads\/2024\/09\/29a-me-rencontre-nationale-brazey-en-plaine-jpeg-212x300.jpg 212w\" sizes=\"auto, (max-width: 565px) 100vw, 565px\" \/><\/figure>\n<\/div>\n\n<div class=\"wp-block-image\">\n<figure class=\"alignright size-full is-resized\"><img loading=\"lazy\" decoding=\"async\" width=\"640\" height=\"481\" src=\"https:\/\/2cvcharlieu.fr\/wp-content\/uploads\/2024\/09\/IMG_9314-rotated.jpg\" alt=\"\" class=\"wp-image-1859\" style=\"aspect-ratio:1.3306930693069308;width:112px;height:auto\" srcset=\"https:\/\/2cvcharlieu.fr\/wp-content\/uploads\/2024\/09\/IMG_9314-rotated.jpg 640w, https:\/\/2cvcharlieu.fr\/wp-content\/uploads\/2024\/09\/IMG_9314-300x225.jpg 300w\" sizes=\"auto, (max-width: 640px) 100vw, 640px\" \/><\/figure>\n<\/div>\n\n<div class=\"wp-block-image\">\n<figure class=\"alignleft size-full is-resized\"><img loading=\"lazy\" decoding=\"async\" width=\"640\" height=\"385\" src=\"https:\/\/2cvcharlieu.fr\/wp-content\/uploads\/2024\/09\/image1-1.jpeg\" alt=\"\" class=\"wp-image-1860\" style=\"aspect-ratio:1.6624265098877606;width:164px;height:auto\" srcset=\"https:\/\/2cvcharlieu.fr\/wp-content\/uploads\/2024\/09\/image1-1.jpeg 640w, https:\/\/2cvcharlieu.fr\/wp-content\/uploads\/2024\/09\/image1-1-300x180.jpeg 300w\" sizes=\"auto, (max-width: 640px) 100vw, 640px\" \/><\/figure>\n<\/div>\n\n<div class=\"wp-block-image\">\n<figure class=\"aligncenter size-full is-resized\"><img loading=\"lazy\" decoding=\"async\" width=\"458\" height=\"290\" src=\"https:\/\/2cvcharlieu.fr\/wp-content\/uploads\/2024\/09\/PHOTO-2024-05-13-10-49-27.jpg\" alt=\"\" class=\"wp-image-1856\" style=\"aspect-ratio:1.5794057872834608;width:155px;height:auto\" srcset=\"https:\/\/2cvcharlieu.fr\/wp-content\/uploads\/2024\/09\/PHOTO-2024-05-13-10-49-27.jpg 458w, https:\/\/2cvcharlieu.fr\/wp-content\/uploads\/2024\/09\/PHOTO-2024-05-13-10-49-27-300x190.jpg 300w\" sizes=\"auto, (max-width: 458px) 100vw, 458px\" \/><\/figure>\n<\/div>\n\n\n<p class=\"has-text-align-center\"><strong>Le 2cv Club Charliendin en 2023 au MONDIAL en SUISSE <\/strong><\/p>\n\n\n<div class=\"wp-block-image\">\n<figure class=\"alignleft size-full is-resized\"><img loading=\"lazy\" decoding=\"async\" width=\"600\" height=\"450\" src=\"https:\/\/2cvcharlieu.fr\/wp-content\/uploads\/2024\/03\/IMG_5837SAM-DCSuisse.jpg\" alt=\"\" class=\"wp-image-176\" style=\"width:116px;height:auto\" srcset=\"https:\/\/2cvcharlieu.fr\/wp-content\/uploads\/2024\/03\/IMG_5837SAM-DCSuisse.jpg 600w, https:\/\/2cvcharlieu.fr\/wp-content\/uploads\/2024\/03\/IMG_5837SAM-DCSuisse-300x225.jpg 300w\" sizes=\"auto, (max-width: 600px) 100vw, 600px\" \/><\/figure>\n<\/div>\n\n<div class=\"wp-block-image\">\n<figure class=\"alignright size-full is-resized\"><img loading=\"lazy\" decoding=\"async\" width=\"657\" height=\"357\" src=\"https:\/\/2cvcharlieu.fr\/wp-content\/uploads\/2024\/03\/20000065651622CV.jpg\" alt=\"\" class=\"wp-image-101\" style=\"aspect-ratio:1.8405751797436698;width:186px;height:auto\" srcset=\"https:\/\/2cvcharlieu.fr\/wp-content\/uploads\/2024\/03\/20000065651622CV.jpg 657w, https:\/\/2cvcharlieu.fr\/wp-content\/uploads\/2024\/03\/20000065651622CV-300x163.jpg 300w\" sizes=\"auto, (max-width: 657px) 100vw, 657px\" \/><\/figure>\n<\/div>\n\n<div class=\"wp-block-image\">\n<figure class=\"aligncenter size-full is-resized\"><img loading=\"lazy\" decoding=\"async\" width=\"640\" height=\"699\" src=\"https:\/\/2cvcharlieu.fr\/wp-content\/uploads\/2024\/03\/24th-World-Meeting-of-2CV-Friends-2023-Switzerland-2023.png\" alt=\"\" class=\"wp-image-100\" style=\"aspect-ratio:0.9156999226604795;width:90px;height:auto\" srcset=\"https:\/\/2cvcharlieu.fr\/wp-content\/uploads\/2024\/03\/24th-World-Meeting-of-2CV-Friends-2023-Switzerland-2023.png 640w, https:\/\/2cvcharlieu.fr\/wp-content\/uploads\/2024\/03\/24th-World-Meeting-of-2CV-Friends-2023-Switzerland-2023-275x300.png 275w\" sizes=\"auto, (max-width: 640px) 100vw, 640px\" \/><\/figure>\n<\/div>\n\n\n<p class=\"has-text-align-center\"><strong>Mondial 2023 en SUISSE<\/strong><\/p>\n\n\n<div class=\"wp-block-image\">\n<figure class=\"alignright size-full is-resized\"><img loading=\"lazy\" decoding=\"async\" width=\"750\" height=\"378\" src=\"https:\/\/2cvcharlieu.fr\/wp-content\/uploads\/2024\/03\/IMG_5850SAM-M39Suisse.jpg\" alt=\"\" class=\"wp-image-175\" style=\"aspect-ratio:1.98431931575196;width:147px;height:auto\" srcset=\"https:\/\/2cvcharlieu.fr\/wp-content\/uploads\/2024\/03\/IMG_5850SAM-M39Suisse.jpg 750w, https:\/\/2cvcharlieu.fr\/wp-content\/uploads\/2024\/03\/IMG_5850SAM-M39Suisse-300x151.jpg 300w\" sizes=\"auto, (max-width: 750px) 100vw, 750px\" \/><\/figure>\n<\/div>\n\n<div class=\"wp-block-image\">\n<figure class=\"alignleft size-full is-resized\"><img loading=\"lazy\" decoding=\"async\" width=\"994\" height=\"557\" src=\"https:\/\/2cvcharlieu.fr\/wp-content\/uploads\/2024\/05\/SUISSE2CV.jpg\" alt=\"\" class=\"wp-image-1050\" style=\"aspect-ratio:1.7847276518113109;width:117px;height:auto\" srcset=\"https:\/\/2cvcharlieu.fr\/wp-content\/uploads\/2024\/05\/SUISSE2CV.jpg 994w, https:\/\/2cvcharlieu.fr\/wp-content\/uploads\/2024\/05\/SUISSE2CV-300x168.jpg 300w, https:\/\/2cvcharlieu.fr\/wp-content\/uploads\/2024\/05\/SUISSE2CV-768x430.jpg 768w\" sizes=\"auto, (max-width: 994px) 100vw, 994px\" \/><\/figure>\n<\/div>\n\n<div class=\"wp-block-image\">\n<figure class=\"aligncenter size-full is-resized\"><img loading=\"lazy\" decoding=\"async\" width=\"650\" height=\"488\" src=\"https:\/\/2cvcharlieu.fr\/wp-content\/uploads\/2024\/05\/IMG_5913SAM-Suisse.jpg\" alt=\"\" class=\"wp-image-1048\" style=\"aspect-ratio:1.3321332133213322;width:95px;height:auto\" srcset=\"https:\/\/2cvcharlieu.fr\/wp-content\/uploads\/2024\/05\/IMG_5913SAM-Suisse.jpg 650w, https:\/\/2cvcharlieu.fr\/wp-content\/uploads\/2024\/05\/IMG_5913SAM-Suisse-300x225.jpg 300w\" sizes=\"auto, (max-width: 650px) 100vw, 650px\" \/><\/figure>\n<\/div>\n\n\n<p><\/p>\n\n\n\n<p><\/p>\n\n\n\n<p><\/p>\n\n\n\n<p><\/p>\n\n\n\n<p><\/p>\n\n\n\n<p><\/p>\n\n\n\n<p><\/p>\n\n\n\n<p><\/p>\n","protected":false},"excerpt":{"rendered":"<p>Prochaine r\u00e9union mercredi 29 avril 2026 \u00e0 18h30 \u00e0 Pouilly\/Charlieu 42720 Assembl\u00e9e g\u00e9n\u00e9rale vendredi 30 janvier 2026 PROGRAMME DES SORTIES 2026 Samedi 21 mars 2026 &#8211; Mus\u00e9e du Chapeau 42 Chazelle\/Lyon Dimanche 12 avril 2026 &#8211; Rencontre des 2 clochers 71 Toulon\/Arroux Dimanche 26 avril 2026 &#8211; Station OZO Le Coteau La Nationale 2cv et [&hellip;]<\/p>\n","protected":false},"author":1,"featured_media":0,"parent":0,"menu_order":0,"comment_status":"closed","ping_status":"closed","template":"","meta":{"footnotes":""},"class_list":["post-22","page","type-page","status-publish","hentry"],"_links":{"self":[{"href":"https:\/\/2cvcharlieu.fr\/index.php\/wp-json\/wp\/v2\/pages\/22","targetHints":{"allow":["GET"]}}],"collection":[{"href":"https:\/\/2cvcharlieu.fr\/index.php\/wp-json\/wp\/v2\/pages"}],"about":[{"href":"https:\/\/2cvcharlieu.fr\/index.php\/wp-json\/wp\/v2\/types\/page"}],"author":[{"embeddable":true,"href":"https:\/\/2cvcharlieu.fr\/index.php\/wp-json\/wp\/v2\/users\/1"}],"replies":[{"embeddable":true,"href":"https:\/\/2cvcharlieu.fr\/index.php\/wp-json\/wp\/v2\/comments?post=22"}],"version-history":[{"count":596,"href":"https:\/\/2cvcharlieu.fr\/index.php\/wp-json\/wp\/v2\/pages\/22\/revisions"}],"predecessor-version":[{"id":4852,"href":"https:\/\/2cvcharlieu.fr\/index.php\/wp-json\/wp\/v2\/pages\/22\/revisions\/4852"}],"wp:attachment":[{"href":"https:\/\/2cvcharlieu.fr\/index.php\/wp-json\/wp\/v2\/media?parent=22"}],"curies":[{"name":"wp","href":"https:\/\/api.w.org\/{rel}","templated":true}]}}