{"id":13,"date":"2024-03-17T10:51:16","date_gmt":"2024-03-17T09:51:16","guid":{"rendered":"https:\/\/2cvcharlieu.fr\/?page_id=13"},"modified":"2026-09-06T07:22:43","modified_gmt":"2026-09-06T05:22:43","slug":"2cv-club-charliendin","status":"publish","type":"page","link":"https:\/\/2cvcharlieu.fr\/","title":{"rendered":"2cv Club Charliendin"},"content":{"rendered":"<div class=\"wp-block-image\">\n<figure class=\"alignleft size-full is-resized\"><img loading=\"lazy\" decoding=\"async\" width=\"569\" height=\"584\" src=\"https:\/\/2cvcharlieu.fr\/wp-content\/uploads\/2025\/11\/2cv-club-Rouge-10.jpg\" alt=\"\" class=\"wp-image-3840\" style=\"aspect-ratio:0.974398230841201;width:194px;height:auto\" srcset=\"https:\/\/2cvcharlieu.fr\/wp-content\/uploads\/2025\/11\/2cv-club-Rouge-10.jpg 569w, https:\/\/2cvcharlieu.fr\/wp-content\/uploads\/2025\/11\/2cv-club-Rouge-10-292x300.jpg 292w\" sizes=\"auto, (max-width: 569px) 100vw, 569px\" \/><\/figure>\n<\/div>\n\n<div class=\"wp-block-image\">\n<figure class=\"alignright size-full is-resized\"><img loading=\"lazy\" decoding=\"async\" width=\"189\" height=\"267\" src=\"https:\/\/2cvcharlieu.fr\/wp-content\/uploads\/2026\/05\/telechargement.jpg\" alt=\"\" class=\"wp-image-4977\" style=\"width:217px;height:auto\"\/><\/figure>\n<\/div>\n\n<div class=\"wp-block-image\">\n<figure class=\"aligncenter size-full is-resized\"><img loading=\"lazy\" decoding=\"async\" width=\"534\" height=\"741\" src=\"https:\/\/2cvcharlieu.fr\/wp-content\/uploads\/2024\/03\/2cv-Club-Charlieu-4.jpg\" alt=\"\" class=\"wp-image-54\" style=\"aspect-ratio:0.7206593203074358;width:324px;height:auto\" srcset=\"https:\/\/2cvcharlieu.fr\/wp-content\/uploads\/2024\/03\/2cv-Club-Charlieu-4.jpg 534w, https:\/\/2cvcharlieu.fr\/wp-content\/uploads\/2024\/03\/2cv-Club-Charlieu-4-216x300.jpg 216w\" sizes=\"auto, (max-width: 534px) 100vw, 534px\" \/><\/figure>\n<\/div>\n\n\n<p class=\"has-text-align-center wp-block-paragraph\"><strong>Nous sommes une association regroupant des propri\u00e9taires&nbsp;de 2cv et autres d\u00e9riv\u00e9s m\u00e9hari, dyane, Ami 6, Ami 8, 3cv, 2cv Azelle, Hoffmann cabriolet et moteur bi-cylindre \u00e0 plat.<\/strong><\/p>\n\n\n\n<p class=\"wp-block-paragraph\"><strong>L&rsquo;objectif du club est : Balades et rassemblements, les adh\u00e9rents du club organisent des sorties locales, des promenades sur les d\u00e9partements limitrophes et autres.<\/strong><\/p>\n\n\n\n<p class=\"has-text-align-center wp-block-paragraph\"><strong>Si vous voulez nous rejoindre avec votre 2cv ou mod\u00e8les d\u00e9riv\u00e9s<\/strong>   <strong>Vous pouvez nous contacter par mail : contact2cvclub.charlieu@gmail.com<\/strong><\/p>\n\n\n\n<p class=\"has-text-align-center wp-block-paragraph\"><strong>Adresse : Mairie &#8211; 42720 Pouilly-ss-Charlieu<\/strong><\/p>\n\n\n<div class=\"wp-block-image\">\n<figure class=\"alignleft size-large is-resized\"><img loading=\"lazy\" decoding=\"async\" width=\"1024\" height=\"934\" src=\"https:\/\/2cvcharlieu.fr\/wp-content\/uploads\/2026\/02\/IMG_19-02-2026-Pays-Roannais-1-1024x934.jpg\" alt=\"\" class=\"wp-image-4266\" style=\"aspect-ratio:1.096844885230242;width:324px;height:auto\" srcset=\"https:\/\/2cvcharlieu.fr\/wp-content\/uploads\/2026\/02\/IMG_19-02-2026-Pays-Roannais-1-1024x934.jpg 1024w, https:\/\/2cvcharlieu.fr\/wp-content\/uploads\/2026\/02\/IMG_19-02-2026-Pays-Roannais-1-300x274.jpg 300w, https:\/\/2cvcharlieu.fr\/wp-content\/uploads\/2026\/02\/IMG_19-02-2026-Pays-Roannais-1-768x700.jpg 768w, https:\/\/2cvcharlieu.fr\/wp-content\/uploads\/2026\/02\/IMG_19-02-2026-Pays-Roannais-1-1536x1400.jpg 1536w, https:\/\/2cvcharlieu.fr\/wp-content\/uploads\/2026\/02\/IMG_19-02-2026-Pays-Roannais-1-2048x1867.jpg 2048w, https:\/\/2cvcharlieu.fr\/wp-content\/uploads\/2026\/02\/IMG_19-02-2026-Pays-Roannais-1-1200x1094.jpg 1200w, https:\/\/2cvcharlieu.fr\/wp-content\/uploads\/2026\/02\/IMG_19-02-2026-Pays-Roannais-1-1980x1805.jpg 1980w\" sizes=\"auto, (max-width: 1024px) 100vw, 1024px\" \/><\/figure>\n<\/div>\n\n<div class=\"wp-block-image\">\n<figure class=\"alignright size-large is-resized\"><img loading=\"lazy\" decoding=\"async\" width=\"713\" height=\"1024\" src=\"https:\/\/2cvcharlieu.fr\/wp-content\/uploads\/2026\/02\/IMG_89462cvClub-3-713x1024.jpg\" alt=\"\" class=\"wp-image-4172\" style=\"aspect-ratio:0.6962973532139545;width:205px;height:auto\" srcset=\"https:\/\/2cvcharlieu.fr\/wp-content\/uploads\/2026\/02\/IMG_89462cvClub-3-713x1024.jpg 713w, https:\/\/2cvcharlieu.fr\/wp-content\/uploads\/2026\/02\/IMG_89462cvClub-3-209x300.jpg 209w, https:\/\/2cvcharlieu.fr\/wp-content\/uploads\/2026\/02\/IMG_89462cvClub-3-768x1102.jpg 768w, https:\/\/2cvcharlieu.fr\/wp-content\/uploads\/2026\/02\/IMG_89462cvClub-3-1070x1536.jpg 1070w, https:\/\/2cvcharlieu.fr\/wp-content\/uploads\/2026\/02\/IMG_89462cvClub-3.jpg 1188w\" sizes=\"auto, (max-width: 713px) 100vw, 713px\" \/><\/figure>\n<\/div>\n\n<div class=\"wp-block-image\">\n<figure class=\"aligncenter size-large is-resized\"><img loading=\"lazy\" decoding=\"async\" width=\"726\" height=\"1024\" src=\"https:\/\/2cvcharlieu.fr\/wp-content\/uploads\/2026\/04\/IMG_Affiche-726x1024.jpg\" alt=\"\" class=\"wp-image-4847\" style=\"aspect-ratio:0.7089931715821589;width:219px;height:auto\" srcset=\"https:\/\/2cvcharlieu.fr\/wp-content\/uploads\/2026\/04\/IMG_Affiche-726x1024.jpg 726w, https:\/\/2cvcharlieu.fr\/wp-content\/uploads\/2026\/04\/IMG_Affiche-213x300.jpg 213w, https:\/\/2cvcharlieu.fr\/wp-content\/uploads\/2026\/04\/IMG_Affiche-768x1084.jpg 768w, https:\/\/2cvcharlieu.fr\/wp-content\/uploads\/2026\/04\/IMG_Affiche.jpg 781w\" sizes=\"auto, (max-width: 726px) 100vw, 726px\" \/><\/figure>\n<\/div>\n\n<div class=\"wp-block-image\">\n<figure class=\"aligncenter size-full is-resized\"><img loading=\"lazy\" decoding=\"async\" width=\"180\" height=\"185\" src=\"https:\/\/2cvcharlieu.fr\/wp-content\/uploads\/2026\/02\/2cv-club-Rouge2026-27-2.jpg\" alt=\"\" class=\"wp-image-4174\" style=\"aspect-ratio:0.9730050430139424;width:72px;height:auto\"\/><\/figure>\n<\/div>\n\n\n<p class=\"has-text-align-center wp-block-paragraph\"><strong>En 2027 La Nationale du 5 au 9 mai \u00e0<\/strong> <strong>St Jal (19) Corr\u00e8ze<\/strong><\/p>\n\n\n<div class=\"wp-block-image\">\n<figure class=\"alignleft size-large is-resized\"><img loading=\"lazy\" decoding=\"async\" width=\"1024\" height=\"635\" src=\"https:\/\/2cvcharlieu.fr\/wp-content\/uploads\/2026\/08\/S0-le-joli-roadster-du-mehari-club-cassis-retromobile--1024x635.jpg\" alt=\"\" class=\"wp-image-5206\" style=\"aspect-ratio:1.612690019828156;width:361px;height:auto\" srcset=\"https:\/\/2cvcharlieu.fr\/wp-content\/uploads\/2026\/08\/S0-le-joli-roadster-du-mehari-club-cassis-retromobile--1024x635.jpg 1024w, https:\/\/2cvcharlieu.fr\/wp-content\/uploads\/2026\/08\/S0-le-joli-roadster-du-mehari-club-cassis-retromobile--300x186.jpg 300w, https:\/\/2cvcharlieu.fr\/wp-content\/uploads\/2026\/08\/S0-le-joli-roadster-du-mehari-club-cassis-retromobile--768x477.jpg 768w, https:\/\/2cvcharlieu.fr\/wp-content\/uploads\/2026\/08\/S0-le-joli-roadster-du-mehari-club-cassis-retromobile--1536x953.jpg 1536w, https:\/\/2cvcharlieu.fr\/wp-content\/uploads\/2026\/08\/S0-le-joli-roadster-du-mehari-club-cassis-retromobile--2048x1271.jpg 2048w, https:\/\/2cvcharlieu.fr\/wp-content\/uploads\/2026\/08\/S0-le-joli-roadster-du-mehari-club-cassis-retromobile--1200x745.jpg 1200w, https:\/\/2cvcharlieu.fr\/wp-content\/uploads\/2026\/08\/S0-le-joli-roadster-du-mehari-club-cassis-retromobile--1980x1229.jpg 1980w\" sizes=\"auto, (max-width: 1024px) 100vw, 1024px\" \/><\/figure>\n<\/div>\n\n<div class=\"wp-block-image\">\n<figure class=\"alignright size-large is-resized\"><img loading=\"lazy\" decoding=\"async\" width=\"1024\" height=\"559\" src=\"https:\/\/2cvcharlieu.fr\/wp-content\/uploads\/2026\/09\/20250730_161058-1024x559.jpg\" alt=\"\" class=\"wp-image-5302\" style=\"aspect-ratio:1.8319177889352916;width:404px;height:auto\" srcset=\"https:\/\/2cvcharlieu.fr\/wp-content\/uploads\/2026\/09\/20250730_161058-1024x559.jpg 1024w, https:\/\/2cvcharlieu.fr\/wp-content\/uploads\/2026\/09\/20250730_161058-300x164.jpg 300w, https:\/\/2cvcharlieu.fr\/wp-content\/uploads\/2026\/09\/20250730_161058-767x419.jpg 767w, https:\/\/2cvcharlieu.fr\/wp-content\/uploads\/2026\/09\/20250730_161058-1536x839.jpg 1536w, https:\/\/2cvcharlieu.fr\/wp-content\/uploads\/2026\/09\/20250730_161058-1200x656.jpg 1200w, https:\/\/2cvcharlieu.fr\/wp-content\/uploads\/2026\/09\/20250730_161058-2048x1119.jpg 2048w, https:\/\/2cvcharlieu.fr\/wp-content\/uploads\/2026\/09\/20250730_161058-1980x1082.jpg 1980w\" sizes=\"auto, (max-width: 1024px) 100vw, 1024px\" \/><\/figure>\n<\/div>\n\n<div class=\"wp-block-image\">\n<figure class=\"aligncenter size-large is-resized\"><img loading=\"lazy\" decoding=\"async\" width=\"602\" height=\"1024\" src=\"https:\/\/2cvcharlieu.fr\/wp-content\/uploads\/2026\/08\/Nationale-2027-A2CF-1-602x1024.png\" alt=\"\" class=\"wp-image-5196\" style=\"aspect-ratio:0.587917042380523;width:192px;height:auto\" srcset=\"https:\/\/2cvcharlieu.fr\/wp-content\/uploads\/2026\/08\/Nationale-2027-A2CF-1-602x1024.png 602w, https:\/\/2cvcharlieu.fr\/wp-content\/uploads\/2026\/08\/Nationale-2027-A2CF-1-176x300.png 176w, https:\/\/2cvcharlieu.fr\/wp-content\/uploads\/2026\/08\/Nationale-2027-A2CF-1.png 752w\" sizes=\"auto, (max-width: 602px) 100vw, 602px\" \/><\/figure>\n<\/div>\n\n\n<p class=\"has-text-align-center alignwide wp-block-paragraph\"><strong>A WANROIJ du 27 juillet au 1 ao\u00fbt 2027<\/strong><\/p>\n\n\n\n<p class=\"has-text-align-center alignwide wp-block-paragraph\"><strong>Le Mondial 2027 &#8211; 2cv et Citr\u00f6en en HOLLANDE<\/strong><\/p>\n\n\n<div class=\"wp-block-image\">\n<figure class=\"alignleft size-full is-resized\"><img loading=\"lazy\" decoding=\"async\" width=\"526\" height=\"508\" src=\"https:\/\/2cvcharlieu.fr\/wp-content\/uploads\/2026\/08\/703168008_MONDIAL-2027-2CV-NL.jpg\" alt=\"\" class=\"wp-image-5188\" style=\"aspect-ratio:1.0355169692186266;width:220px;height:auto\" srcset=\"https:\/\/2cvcharlieu.fr\/wp-content\/uploads\/2026\/08\/703168008_MONDIAL-2027-2CV-NL.jpg 526w, https:\/\/2cvcharlieu.fr\/wp-content\/uploads\/2026\/08\/703168008_MONDIAL-2027-2CV-NL-300x290.jpg 300w\" sizes=\"auto, (max-width: 526px) 100vw, 526px\" \/><\/figure>\n<\/div>\n\n<div class=\"wp-block-image\">\n<figure class=\"alignright size-large is-resized\"><img loading=\"lazy\" decoding=\"async\" width=\"1024\" height=\"768\" src=\"https:\/\/2cvcharlieu.fr\/wp-content\/uploads\/2026\/08\/494443288_23920358450890081_7537505723607161149_n-1024x768.jpg\" alt=\"\" class=\"wp-image-5190\" style=\"width:278px;height:auto\" srcset=\"https:\/\/2cvcharlieu.fr\/wp-content\/uploads\/2026\/08\/494443288_23920358450890081_7537505723607161149_n-1024x768.jpg 1024w, https:\/\/2cvcharlieu.fr\/wp-content\/uploads\/2026\/08\/494443288_23920358450890081_7537505723607161149_n-300x225.jpg 300w, https:\/\/2cvcharlieu.fr\/wp-content\/uploads\/2026\/08\/494443288_23920358450890081_7537505723607161149_n-768x576.jpg 768w, https:\/\/2cvcharlieu.fr\/wp-content\/uploads\/2026\/08\/494443288_23920358450890081_7537505723607161149_n-1536x1152.jpg 1536w, https:\/\/2cvcharlieu.fr\/wp-content\/uploads\/2026\/08\/494443288_23920358450890081_7537505723607161149_n-1200x900.jpg 1200w, https:\/\/2cvcharlieu.fr\/wp-content\/uploads\/2026\/08\/494443288_23920358450890081_7537505723607161149_n.jpg 1600w\" sizes=\"auto, (max-width: 1024px) 100vw, 1024px\" \/><\/figure>\n<\/div>\n\n<div class=\"wp-block-image\">\n<figure class=\"aligncenter size-full is-resized\"><img loading=\"lazy\" decoding=\"async\" width=\"828\" height=\"828\" src=\"https:\/\/2cvcharlieu.fr\/wp-content\/uploads\/2026\/08\/2cv-pays-bas-2027.png\" alt=\"\" class=\"wp-image-5189\" style=\"width:223px;height:auto\" srcset=\"https:\/\/2cvcharlieu.fr\/wp-content\/uploads\/2026\/08\/2cv-pays-bas-2027.png 828w, https:\/\/2cvcharlieu.fr\/wp-content\/uploads\/2026\/08\/2cv-pays-bas-2027-300x300.png 300w, https:\/\/2cvcharlieu.fr\/wp-content\/uploads\/2026\/08\/2cv-pays-bas-2027-150x150.png 150w, https:\/\/2cvcharlieu.fr\/wp-content\/uploads\/2026\/08\/2cv-pays-bas-2027-768x768.png 768w\" sizes=\"auto, (max-width: 828px) 100vw, 828px\" \/><\/figure>\n<\/div>\n\n<div class=\"wp-block-image\">\n<figure class=\"aligncenter size-full is-resized\"><img loading=\"lazy\" decoding=\"async\" width=\"569\" height=\"584\" src=\"https:\/\/2cvcharlieu.fr\/wp-content\/uploads\/2025\/11\/2cv-club-Rouge-11.jpg\" alt=\"\" class=\"wp-image-3845\" style=\"aspect-ratio:0.9743837602706622;width:58px;height:auto\" srcset=\"https:\/\/2cvcharlieu.fr\/wp-content\/uploads\/2025\/11\/2cv-club-Rouge-11.jpg 569w, https:\/\/2cvcharlieu.fr\/wp-content\/uploads\/2025\/11\/2cv-club-Rouge-11-292x300.jpg 292w\" sizes=\"auto, (max-width: 569px) 100vw, 569px\" \/><\/figure>\n<\/div>\n\n\n<p class=\"has-text-align-center wp-block-paragraph\"><strong>Le 2cv Club Charliendin est propos\u00e9 sur la liste des clubs en France\/Etranger du 2 CV MAGAZINE N\u00b0165 dans tous les kiosques en France<\/strong><\/p>\n\n\n<div class=\"wp-block-image\">\n<figure class=\"alignright size-full is-resized\"><img loading=\"lazy\" decoding=\"async\" width=\"708\" height=\"1000\" src=\"https:\/\/2cvcharlieu.fr\/wp-content\/uploads\/2025\/10\/L2231-1.jpg\" alt=\"\" class=\"wp-image-3800\" style=\"aspect-ratio:0.7080256314473722;width:100px;height:auto\" srcset=\"https:\/\/2cvcharlieu.fr\/wp-content\/uploads\/2025\/10\/L2231-1.jpg 708w, https:\/\/2cvcharlieu.fr\/wp-content\/uploads\/2025\/10\/L2231-1-212x300.jpg 212w\" sizes=\"auto, (max-width: 708px) 100vw, 708px\" \/><\/figure>\n<\/div>\n\n<div class=\"wp-block-image\">\n<figure class=\"alignleft size-large is-resized\"><img loading=\"lazy\" decoding=\"async\" width=\"892\" height=\"1024\" src=\"https:\/\/2cvcharlieu.fr\/wp-content\/uploads\/2025\/05\/IMG_54362cv-1-892x1024.jpg\" alt=\"\" class=\"wp-image-3188\" style=\"aspect-ratio:0.8711176687569163;width:126px;height:auto\" srcset=\"https:\/\/2cvcharlieu.fr\/wp-content\/uploads\/2025\/05\/IMG_54362cv-1-892x1024.jpg 892w, https:\/\/2cvcharlieu.fr\/wp-content\/uploads\/2025\/05\/IMG_54362cv-1-261x300.jpg 261w, https:\/\/2cvcharlieu.fr\/wp-content\/uploads\/2025\/05\/IMG_54362cv-1-768x881.jpg 768w, https:\/\/2cvcharlieu.fr\/wp-content\/uploads\/2025\/05\/IMG_54362cv-1-1338x1536.jpg 1338w, https:\/\/2cvcharlieu.fr\/wp-content\/uploads\/2025\/05\/IMG_54362cv-1-1200x1377.jpg 1200w, https:\/\/2cvcharlieu.fr\/wp-content\/uploads\/2025\/05\/IMG_54362cv-1.jpg 1463w\" sizes=\"auto, (max-width: 892px) 100vw, 892px\" \/><\/figure>\n<\/div>\n\n<div class=\"wp-block-image\">\n<figure class=\"aligncenter size-full is-resized\"><img loading=\"lazy\" decoding=\"async\" width=\"657\" height=\"395\" src=\"https:\/\/2cvcharlieu.fr\/wp-content\/uploads\/2026\/02\/2000007607449.webp\" alt=\"\" class=\"wp-image-4314\" style=\"aspect-ratio:1.6633292147756806;width:261px;height:auto\" srcset=\"https:\/\/2cvcharlieu.fr\/wp-content\/uploads\/2026\/02\/2000007607449.webp 657w, https:\/\/2cvcharlieu.fr\/wp-content\/uploads\/2026\/02\/2000007607449-300x180.webp 300w\" sizes=\"auto, (max-width: 657px) 100vw, 657px\" \/><\/figure>\n<\/div>\n\n<div class=\"wp-block-image\">\n<figure class=\"alignleft size-full is-resized\"><img loading=\"lazy\" decoding=\"async\" width=\"150\" height=\"154\" src=\"https:\/\/2cvcharlieu.fr\/wp-content\/uploads\/2026\/03\/2cv-club-Rouge2026-27.jpg\" alt=\"\" class=\"wp-image-4496\" style=\"aspect-ratio:0.9740726577437858;width:99px;height:auto\"\/><\/figure>\n<\/div>\n\n<div class=\"wp-block-image\">\n<figure class=\"alignright size-full is-resized\"><img loading=\"lazy\" decoding=\"async\" width=\"150\" height=\"154\" src=\"https:\/\/2cvcharlieu.fr\/wp-content\/uploads\/2026\/03\/2cv-club-Rouge2026-27-1.jpg\" alt=\"\" class=\"wp-image-4497\" style=\"aspect-ratio:0.9740621650589496;width:102px;height:auto\"\/><\/figure>\n<\/div>\n\n<div class=\"wp-block-image\">\n<figure class=\"aligncenter size-full is-resized\"><img loading=\"lazy\" decoding=\"async\" width=\"1000\" height=\"500\" src=\"https:\/\/2cvcharlieu.fr\/wp-content\/uploads\/2026\/03\/les-amoureux-des-deudeuches-sont-au-sein-du-2-cv-club-en-gris-au-centre-le-president-claude-massieye-photo-guillaume-descave-1769882039.jpg\" alt=\"\" class=\"wp-image-4495\" style=\"width:313px;height:auto\" srcset=\"https:\/\/2cvcharlieu.fr\/wp-content\/uploads\/2026\/03\/les-amoureux-des-deudeuches-sont-au-sein-du-2-cv-club-en-gris-au-centre-le-president-claude-massieye-photo-guillaume-descave-1769882039.jpg 1000w, https:\/\/2cvcharlieu.fr\/wp-content\/uploads\/2026\/03\/les-amoureux-des-deudeuches-sont-au-sein-du-2-cv-club-en-gris-au-centre-le-president-claude-massieye-photo-guillaume-descave-1769882039-300x150.jpg 300w, https:\/\/2cvcharlieu.fr\/wp-content\/uploads\/2026\/03\/les-amoureux-des-deudeuches-sont-au-sein-du-2-cv-club-en-gris-au-centre-le-president-claude-massieye-photo-guillaume-descave-1769882039-768x384.jpg 768w\" sizes=\"auto, (max-width: 1000px) 100vw, 1000px\" \/><\/figure>\n<\/div>\n\n\n<div class=\"wp-block-columns is-layout-flex wp-container-core-columns-is-layout-8f761849 wp-block-columns-is-layout-flex\">\n<div class=\"wp-block-column is-layout-flow wp-block-column-is-layout-flow\" style=\"flex-basis:100%\"><\/div>\n<\/div>\n\n\n\n<p class=\"has-text-align-center wp-block-paragraph\"><strong>Mise \u00e0 jour effectu\u00e9 le 5 septembre 2026<\/strong><\/p>\n\n\n\n<p class=\"has-text-align-center wp-block-paragraph\">Site regard\u00e9 par 6395 visiteurs<\/p>\n\n\n\n<p class=\"wp-block-paragraph\"><\/p>\n","protected":false},"excerpt":{"rendered":"<p>Nous sommes une association regroupant des propri\u00e9taires&nbsp;de 2cv et autres d\u00e9riv\u00e9s m\u00e9hari, dyane, Ami 6, Ami 8, 3cv, 2cv Azelle, Hoffmann cabriolet et moteur bi-cylindre \u00e0 plat. L&rsquo;objectif du club est : Balades et rassemblements, les adh\u00e9rents du club organisent des sorties locales, des promenades sur les d\u00e9partements limitrophes et autres. Si vous voulez nous [&hellip;]<\/p>\n","protected":false},"author":1,"featured_media":0,"parent":0,"menu_order":0,"comment_status":"closed","ping_status":"closed","template":"","meta":{"footnotes":""},"class_list":["post-13","page","type-page","status-publish","hentry"],"_links":{"self":[{"href":"https:\/\/2cvcharlieu.fr\/index.php\/wp-json\/wp\/v2\/pages\/13","targetHints":{"allow":["GET"]}}],"collection":[{"href":"https:\/\/2cvcharlieu.fr\/index.php\/wp-json\/wp\/v2\/pages"}],"about":[{"href":"https:\/\/2cvcharlieu.fr\/index.php\/wp-json\/wp\/v2\/types\/page"}],"author":[{"embeddable":true,"href":"https:\/\/2cvcharlieu.fr\/index.php\/wp-json\/wp\/v2\/users\/1"}],"replies":[{"embeddable":true,"href":"https:\/\/2cvcharlieu.fr\/index.php\/wp-json\/wp\/v2\/comments?post=13"}],"version-history":[{"count":307,"href":"https:\/\/2cvcharlieu.fr\/index.php\/wp-json\/wp\/v2\/pages\/13\/revisions"}],"predecessor-version":[{"id":5304,"href":"https:\/\/2cvcharlieu.fr\/index.php\/wp-json\/wp\/v2\/pages\/13\/revisions\/5304"}],"wp:attachment":[{"href":"https:\/\/2cvcharlieu.fr\/index.php\/wp-json\/wp\/v2\/media?parent=13"}],"curies":[{"name":"wp","href":"https:\/\/api.w.org\/{rel}","templated":true}]}}